{"id":10171,"date":"2026-02-26T17:36:20","date_gmt":"2026-02-26T16:36:20","guid":{"rendered":"https:\/\/robert-moreno.es\/stampa\/"},"modified":"2026-02-26T17:36:20","modified_gmt":"2026-02-26T16:36:20","slug":"stampa","status":"publish","type":"page","link":"https:\/\/robert-moreno.es\/it\/stampa\/","title":{"rendered":"Stampa"},"content":{"rendered":"<style>.rm-pw{background:#111;min-height:100vh;padding:50px 0 80px;font-family:Montserrat,sans-serif}.rm-pi{max-width:1100px;margin:0 auto;padding:0 40px}.rm-ph h1{font-size:2.8rem;font-weight:700;color:#fff;text-transform:uppercase;letter-spacing:3px;margin:0 0 14px}.rm-ph p{font-size:1rem;color:#777;line-height:1.7;margin:0 0 40px}.rm-fl{display:flex;flex-wrap:wrap;gap:8px;margin-bottom:40px;padding-bottom:30px;border-bottom:1px solid #222}.rm-fb{background:transparent;color:#888;border:1px solid #333;padding:10px 22px;border-radius:25px;font-family:Montserrat,sans-serif;font-size:.72rem;text-transform:uppercase;letter-spacing:1.2px;font-weight:600;cursor:pointer;transition:all .3s}.rm-fb:hover{color:#fff;border-color:#c9a962}.rm-fb.active{background:#c9a962;color:#111;border-color:#c9a962}.rm-c{display:flex;gap:28px;padding:28px;background:#1a1a1a;border-radius:12px;margin-bottom:18px;border:1px solid #252525;transition:all .35s}.rm-c:hover{transform:translateY(-3px);border-color:#333;box-shadow:0 14px 40px rgba(0,0,0,.4)}.rm-ci{width:260px;min-width:260px;min-height:180px;background-size:cover;background-position:center;border-radius:8px}.rm-cb{flex:1;display:flex;flex-direction:column;justify-content:center}.rm-cc{font-size:.65rem;color:#c9a962;text-transform:uppercase;letter-spacing:1.5px;font-weight:700;margin-bottom:10px}.rm-ct{font-size:1.1rem;color:#fff;font-weight:700;margin:0 0 10px;line-height:1.4}.rm-ce{font-size:.85rem;color:#888;line-height:1.65;margin:0 0 14px}.rm-cd{font-size:.7rem;color:#555;letter-spacing:.5px}@media(max-width:768px){.rm-c{flex-direction:column!important}.rm-ci{width:100%!important;min-width:100%!important;height:200px!important}.rm-ph h1{font-size:2rem}}<\/style><div class=\"rm-pw\"><div class=\"rm-pi\"><div class=\"rm-ph\"><h1>Stampa<\/h1><p>Copertura mediatica, interviste, video e comunicati ufficiali di Robert Moreno.<\/p><\/div><div class=\"rm-fl\"><button onclick=\"rmF('all')\" class=\"rm-fb active\">Tutti<\/button><button onclick=\"rmF('collaborazione')\" class=\"rm-fb\">&#128196; Collaborazione<\/button><button onclick=\"rmF('comunicati')\" class=\"rm-fb\">&#128196; Comunicati<\/button><button onclick=\"rmF('conferenze-stampa')\" class=\"rm-fb\">&#128196; Conferenze Stampa<\/button><button onclick=\"rmF('in-evidenza')\" class=\"rm-fb\">&#128196; In Evidenza<\/button><button onclick=\"rmF('interviste')\" class=\"rm-fb\">&#128196; Interviste<\/button><button onclick=\"rmF('leadership')\" class=\"rm-fb\">&#128196; Leadership<\/button><button onclick=\"rmF('notizie')\" class=\"rm-fb\">&#128196; Notizie<\/button><\/div><div id=\"rm-g\"><a href=\"https:\/\/robert-moreno.es\/it\/robert-moreno-in-el-camino-de-mario-il-racconto-e-piu-forte-della-verita\/\" class=\"rm-c\" data-cat=\"in-evidenza\" style=\"text-decoration:none;color:inherit;cursor:pointer\"><div class=\"rm-ci\" style=\"background-image:url('https:\/\/robert-moreno.es\/wp-content\/uploads\/2026\/03\/WhatsApp-Image-2026-03-10-at-15.44.48-4-768x1024.webp')\"><\/div><div class=\"rm-cb\"><span class=\"rm-cc\">&#128196; In Evidenza<\/span><h3 class=\"rm-ct\">Robert Moreno in El Camino de Mario: \u00abIl racconto \u00e8 pi\u00f9 forte della verit\u00e0\u00bb<\/h3><p class=\"rm-ce\">&#127908; Podcast &middot; Intervista Robert Moreno su El Camino de Mario: &laquo;La narrazione &egrave; molto pi&ugrave; forte della verit&agrave;&raquo; L&rsquo;intervista pi&ugrave; personale di Robert Moreno: origini, gestione degli spogliatoi d&rsquo;&eacute;lite,...<\/p><span class=\"rm-cd\">Mar 2026<\/span><\/div><\/a><a href=\"https:\/\/robert-moreno.es\/it\/robert-moreno-su-tuttomercato-web-il-como-di-cesc-fabregas-sta-facendo-evolvere-la-serie-a-robert-moreno\/\" class=\"rm-c\" data-cat=\"interviste\" style=\"text-decoration:none;color:inherit;cursor:pointer\"><div class=\"rm-ci\" style=\"background-image:url('https:\/\/robert-moreno.es\/wp-content\/uploads\/2026\/03\/RobertCescTuttoMercato.webp')\"><\/div><div class=\"rm-cb\"><span class=\"rm-cc\">&#128196; Interviste<\/span><h3 class=\"rm-ct\">Robert Moreno su TuttoMercato Web: &#8220;Il Como di Cesc F\u00e0bregas sta facendo evolvere la Serie A&#8221; | Robert Moreno<\/h3><p class=\"rm-ce\">&#127908; Intervista &middot; Stampa Internazionale Robert Moreno su TuttoMercato Web: &laquo;Il Como di Cesc F&agrave;bregas sta facendo evolvere l&rsquo;intera Serie A&raquo; L&rsquo;allenatore spagnolo analizza il progetto del Como, il suo...<\/p><span class=\"rm-cd\">Mar 2026<\/span><\/div><\/a><a href=\"https:\/\/robert-moreno.es\/it\/le-scommesse-di-robert-moreno-i-giocatori-che-ha-scoperto-e-lanciato-al-successo\/\" class=\"rm-c\" data-cat=\"in-evidenza\" style=\"text-decoration:none;color:inherit;cursor:pointer\"><div class=\"rm-ci\" style=\"background-image:url('https:\/\/robert-moreno.es\/wp-content\/uploads\/2026\/03\/JuvenilB-Damm-1-e1772547496759-768x563.png')\"><\/div><div class=\"rm-cb\"><span class=\"rm-cc\">&#128196; In Evidenza<\/span><h3 class=\"rm-ct\">Le scommesse di Robert Moreno: i giocatori che ha scoperto e lanciato verso il successo<\/h3><p class=\"rm-ce\">\ud83d\udcdd Article Robert Moreno&#8217;s bets: the players he discovered and launched to stardom From the Spanish National Team to Monaco, Granada and Sochi: a consistent pattern of trust in young...<\/p><span class=\"rm-cd\">Mar 2026<\/span><\/div><\/a><a href=\"https:\/\/robert-moreno.es\/it\/cio-che-cesc-fabregas-dice-su-robert-moreno\/\" class=\"rm-c\" data-cat=\"in-evidenza\" style=\"text-decoration:none;color:inherit;cursor:pointer\"><div class=\"rm-ci\" style=\"background-image:url('https:\/\/robert-moreno.es\/wp-content\/uploads\/2026\/03\/As-Roma-leyendo-768x512.webp')\"><\/div><div class=\"rm-cb\"><span class=\"rm-cc\">&#128196; In Evidenza<\/span><h3 class=\"rm-ct\">Ci\u00f2 che Cesc F\u00e0bregas dice su Robert Moreno<\/h3><p class=\"rm-ce\">&#128221; Articolo Cosa dice Cesc F&agrave;bregas sulla metodologia di Robert Moreno Le dichiarazioni del centrocampista, raccolte da numerosi media internazionali, rivelano l&rsquo;impatto del lavoro di Moreno all&rsquo;AS Monaco &#128221; Blog...<\/p><span class=\"rm-cd\">Mar 2026<\/span><\/div><\/a><a href=\"https:\/\/robert-moreno.es\/it\/intervista-approfondita-con-mundo-deportivo\/\" class=\"rm-c\" data-cat=\"interviste\" style=\"text-decoration:none;color:inherit;cursor:pointer\"><div class=\"rm-ci\" style=\"background-image:url('https:\/\/robert-moreno.es\/wp-content\/uploads\/2026\/03\/Robert-Moreno-_1RS2339-768x576.jpg')\"><\/div><div class=\"rm-cb\"><span class=\"rm-cc\">&#128196; Interviste<\/span><h3 class=\"rm-ct\">Intervista approfondita con Mundo Deportivo<\/h3><p class=\"rm-ce\">&#127909; Intervista &middot; Stampa sportiva Intervista approfondita con Mundo Deportivo La prima grande intervista come commissario tecnico della Spagna &#127908; Mundo Deportivo Agosto 2019 1h 23min 5.600+ visualizzazioni Contesto: Agosto...<\/p><span class=\"rm-cd\">Mar 2026<\/span><\/div><\/a><a href=\"https:\/\/robert-moreno.es\/it\/la-porteria-robert-moreno-ripercorre-la-sua-carriera\/\" class=\"rm-c\" data-cat=\"interviste\" style=\"text-decoration:none;color:inherit;cursor:pointer\"><div class=\"rm-ci\" style=\"background-image:url('https:\/\/robert-moreno.es\/wp-content\/uploads\/2026\/03\/Captura-de-pantalla-2026-03-03-a-las-10.43.48-768x387.webp')\"><\/div><div class=\"rm-cb\"><span class=\"rm-cc\">&#128196; Interviste<\/span><h3 class=\"rm-ct\">La Porteria: Robert Moreno ripercorre la sua carriera<\/h3><p class=\"rm-ce\">&#128250; Intervista &middot; Televisione La Porteria: Robert Moreno ripercorre la sua carriera Intervista su Betev&eacute; sulla Nazionale spagnola, il futuro e le lezioni apprese lungo il cammino &#128250; Betev&eacute; La...<\/p><span class=\"rm-cd\">Mar 2026<\/span><\/div><\/a><a href=\"https:\/\/robert-moreno.es\/it\/robert-moreno-e-chatgpt-cronologia-completa-della-bufala-diventata-una-notizia-mondiale\/\" class=\"rm-c\" data-cat=\"comunicati\" style=\"text-decoration:none;color:inherit;cursor:pointer\"><div class=\"rm-ci\" style=\"background-image:url('https:\/\/robert-moreno.es\/wp-content\/uploads\/2026\/02\/ia_futbol_featured.webp')\"><\/div><div class=\"rm-cb\"><span class=\"rm-cc\">&#128196; Comunicati<\/span><h3 class=\"rm-ct\">Robert Moreno e ChatGPT: cronologia completa della bufala diventata una notizia mondiale<\/h3><p class=\"rm-ce\">Dati, fonti e smentite di una menzogna costruita in tre passaggi \ud83c\uddec\ud83c\udde7 Leggi in inglese Nel gennaio 2026, una notizia ha fatto il giro del mondo: \u00abUn allenatore di calcio...<\/p><span class=\"rm-cd\">Mar 2026<\/span><\/div><\/a><a href=\"https:\/\/robert-moreno.es\/it\/mentalita-sportiva-alto-rendimento-e-leadership\/\" class=\"rm-c\" data-cat=\"in-evidenza\" style=\"text-decoration:none;color:inherit;cursor:pointer\"><div class=\"rm-ci\" style=\"background-image:url('https:\/\/robert-moreno.es\/wp-content\/uploads\/2026\/02\/mentalidad-deportiva-hd.webp')\"><\/div><div class=\"rm-cb\"><span class=\"rm-cc\">&#128196; In Evidenza<\/span><h3 class=\"rm-ct\">Mentalit\u00e0 Sportiva: Alto rendimento e leadership<\/h3><p class=\"rm-ce\">\ud83c\udfa7 Podcast \u00b7 Intervista Mentalit\u00e0 Sportiva: Alta Prestazione e Leadership Conversazione con David Soler sulla complessit\u00e0 dell&#8217;essere allenatore \ud83c\udfa7 Mentalidad Deportiva Spotify Gennaio 2025 \u2248 52 min Informazioni sull&#8217;episodio: Robert...<\/p><span class=\"rm-cd\">Feb 2026<\/span><\/div><\/a><a href=\"https:\/\/robert-moreno.es\/it\/robert-moreno-torna-al-camp-nou-da-avversario\/\" class=\"rm-c\" data-cat=\"notizie\" style=\"text-decoration:none;color:inherit;cursor:pointer\"><div class=\"rm-ci\" style=\"background-image:url('https:\/\/robert-moreno.es\/wp-content\/uploads\/2026\/02\/10_camp_nou-768x512.webp')\"><\/div><div class=\"rm-cb\"><span class=\"rm-cc\">&#128196; Notizie<\/span><h3 class=\"rm-ct\">Robert Moreno torna al Camp Nou da avversario<\/h3><p class=\"rm-ce\">Servizio speciale sul ritorno di Robert Moreno al Camp Nou, questa volta come allenatore avversario con il Granada CF, a settembre 2021. Un momento carico di simbolismo per un tecnico...<\/p><span class=\"rm-cd\">Feb 2026<\/span><\/div><\/a><a href=\"https:\/\/robert-moreno.es\/it\/robert-moreno-nuovo-allenatore-del-granada-cf\/\" class=\"rm-c\" data-cat=\"notizie\" style=\"text-decoration:none;color:inherit;cursor:pointer\"><div class=\"rm-ci\" style=\"background-image:url('https:\/\/robert-moreno.es\/wp-content\/uploads\/2026\/02\/09_granada_cf-768x512.webp')\"><\/div><div class=\"rm-cb\"><span class=\"rm-cc\">&#128196; Notizie<\/span><h3 class=\"rm-ct\">Robert Moreno, nuovo allenatore del Granada CF<\/h3><p class=\"rm-ce\">Robert Moreno firma per due stagioni con il Granada CF, assumendo la sfida di allenare in LaLiga Santander dopo la sua esperienza all&#8217;AS Monaco della Ligue 1 francese. L&#8217;allenatore catalano...<\/p><span class=\"rm-cd\">Feb 2026<\/span><\/div><\/a><a href=\"https:\/\/robert-moreno.es\/it\/prima-convocazione-come-ct-della-spagna\/\" class=\"rm-c\" data-cat=\"notizie\" style=\"text-decoration:none;color:inherit;cursor:pointer\"><div class=\"rm-ci\" style=\"background-image:url('https:\/\/robert-moreno.es\/wp-content\/uploads\/2026\/02\/06_convocatoria_seleccio-768x512.webp')\"><\/div><div class=\"rm-cb\"><span class=\"rm-cc\">&#128196; Notizie<\/span><h3 class=\"rm-ct\">Prima convocazione come CT della Spagna<\/h3><p class=\"rm-ce\">Robert Moreno rende pubblica la sua prima lista di convocati come CT con pieni poteri, il 30 agosto 2019. Una convocazione che si distingue per il ritorno di Paco Alc\u00e1cer...<\/p><span class=\"rm-cd\">Feb 2026<\/span><\/div><\/a><a href=\"https:\/\/robert-moreno.es\/it\/matchtv-robert-moreno-risponde-su-chatgpt-e-il-calcio\/\" class=\"rm-c\" data-cat=\"in-evidenza\" style=\"text-decoration:none;color:inherit;cursor:pointer\"><div class=\"rm-ci\" style=\"background-image:url('https:\/\/robert-moreno.es\/wp-content\/uploads\/2026\/02\/Captura-de-pantalla-2026-03-02-a-las-13.17.12-768x382.webp')\"><\/div><div class=\"rm-cb\"><span class=\"rm-cc\">&#128196; In Evidenza<\/span><h3 class=\"rm-ct\">MatchTV: Robert Moreno risponde su ChatGPT e il calcio<\/h3><p class=\"rm-ce\">Video &middot; Intervista La polemica di ChatGPT: la verit&agrave; raccontata in prima persona Intervista completa nel programma &laquo;Gromko&raquo; di MatchTV (Russia) &#127908; MatchTV Sottotitoli in italiano &asymp; 9 min Il...<\/p><span class=\"rm-cd\">Feb 2026<\/span><\/div><\/a><a href=\"https:\/\/robert-moreno.es\/it\/un-discorso-per-la-storia-valori-oltre-lo-sport\/\" class=\"rm-c\" data-cat=\"conferenze-stampa\" style=\"text-decoration:none;color:inherit;cursor:pointer\"><div class=\"rm-ci\" style=\"background-image:url('https:\/\/robert-moreno.es\/wp-content\/uploads\/2026\/02\/08_la_porteria_beteve-768x450.webp')\"><\/div><div class=\"rm-cb\"><span class=\"rm-cc\">&#128196; Conferenze Stampa<\/span><h3 class=\"rm-ct\">Un discorso per la storia: valori oltre lo sport<\/h3><p class=\"rm-ce\">\u25ba V\u00eddeo \u00b7 Rueda de Prensa Un discurso para la historia: va m\u00e1s all\u00e1 de lo deportivo, son valores Las palabras de Robert Moreno que dieron la vuelta al mundo...<\/p><span class=\"rm-cd\">Feb 2026<\/span><\/div><\/a><a href=\"https:\/\/robert-moreno.es\/it\/panenka-108-robert-moreno-calcio-e-tecnologia\/\" class=\"rm-c\" data-cat=\"interviste\" style=\"text-decoration:none;color:inherit;cursor:pointer\"><div class=\"rm-ci\" style=\"background-image:url('https:\/\/robert-moreno.es\/wp-content\/uploads\/2026\/02\/03_panenka_108-768x512.webp')\"><\/div><div class=\"rm-cb\"><span class=\"rm-cc\">&#128196; Interviste<\/span><h3 class=\"rm-ct\">Panenka #108: Robert Moreno, calcio e tecnologia<\/h3><p class=\"rm-ce\">&#128240; Intervista &middot; Stampa Robert Moreno sulla rivista Panenka #108 Intervista approfondita su tattica, leadership e l&#8217;evoluzione del calcio moderno Rivista Panenka &mdash; Numero 108 Su questa intervista: Un&#8217;ampia conversazione...<\/p><span class=\"rm-cd\">Feb 2026<\/span><\/div><\/a><a href=\"https:\/\/robert-moreno.es\/it\/the-coaches-voice-un-percorso-personale-robert-moreno\/\" class=\"rm-c\" data-cat=\"in-evidenza\" style=\"text-decoration:none;color:inherit;cursor:pointer\"><div class=\"rm-ci\" style=\"background-image:url('https:\/\/robert-moreno.es\/wp-content\/uploads\/2026\/02\/02_un_camino_propio-768x521.webp')\"><\/div><div class=\"rm-cb\"><span class=\"rm-cc\">&#128196; In Evidenza<\/span><h3 class=\"rm-ct\">The Coaches&#8217; Voice: \u00abUn percorso personale\u00bb \u2014 Robert Moreno<\/h3><p class=\"rm-ce\">&#9658; Video &middot; Intervista Un cammino tutto mio Intervista approfondita per The Coaches&#8217; Voice &#127909; The Coaches&#8217; Voice Video documentario Su questo video: Robert Moreno ripercorre la propria carriera professionale,...<\/p><span class=\"rm-cd\">Feb 2026<\/span><\/div><\/a><a href=\"https:\/\/robert-moreno.es\/it\/robert-moreno-premio-valori-dello-sport-2019\/\" class=\"rm-c\" data-cat=\"notizie\" style=\"text-decoration:none;color:inherit;cursor:pointer\"><div class=\"rm-ci\" style=\"background-image:url('https:\/\/robert-moreno.es\/wp-content\/uploads\/2026\/02\/01_premio_valores-768x512.webp')\"><\/div><div class=\"rm-cb\"><span class=\"rm-cc\">&#128196; Notizie<\/span><h3 class=\"rm-ct\">Robert Moreno, Premio Valori dello Sport 2019<\/h3><p class=\"rm-ce\">Robert Moreno riceve il Premio Valori al Miglior Allenatore nella II Gala dei Premi Valori dello Sport, organizzata dal quotidiano SPORT il 16 dicembre 2019. Il riconoscimento evidenzia la sua...<\/p><span class=\"rm-cd\">Feb 2026<\/span><\/div><\/a><a href=\"https:\/\/robert-moreno.es\/it\/robert-moreno-conquista-la-promozione-del-pfc-sochi-in-rpl\/\" class=\"rm-c\" data-cat=\"in-evidenza\" style=\"text-decoration:none;color:inherit;cursor:pointer\"><div class=\"rm-ci\" style=\"background-image:url('https:\/\/robert-moreno.es\/wp-content\/uploads\/2026\/02\/VOE_097-2-768x512.webp')\"><\/div><div class=\"rm-cb\"><span class=\"rm-cc\">&#128196; In Evidenza<\/span><h3 class=\"rm-ct\">Robert Moreno conquista la promozione del PFC Sochi in RPL<\/h3><p class=\"rm-ce\">L\u2019allenatore spagnolo Robert Moreno ha completato una stagione storica alla guida del PFC Sochi, conquistando la promozione nella Russian Premier League dopo un drammatico playoff contro il Nizhny Novgorod. Il...<\/p><span class=\"rm-cd\">Feb 2026<\/span><\/div><\/a><a href=\"https:\/\/robert-moreno.es\/it\/comunicato-ufficiale-addio-al-pfc-sochi\/\" class=\"rm-c\" data-cat=\"comunicati\" style=\"text-decoration:none;color:inherit;cursor:pointer\"><div class=\"rm-ci\" style=\"background-image:url('https:\/\/robert-moreno.es\/wp-content\/uploads\/2025\/09\/FotocomunicadosalidaSochi-768x752.webp')\"><\/div><div class=\"rm-cb\"><span class=\"rm-cc\">&#128196; Comunicati<\/span><h3 class=\"rm-ct\">Comunicato ufficiale \u2013 Addio al PFC Sochi<\/h3><p class=\"rm-ce\">&#128203; Comunicato Ufficiale Comunicato Ufficiale &mdash; Uscita dal PFC Sochi Separazione consensuale dopo un anno e otto mesi alla guida del progetto sportivo &#128203; Comunicato Ufficiale PFC Sochi 1 settembre...<\/p><span class=\"rm-cd\">Set 2025<\/span><\/div><\/a><a href=\"https:\/\/robert-moreno.es\/it\/la-complessita-di-essere-allenatore-conferenza-alluniversita-di-deusto\/\" class=\"rm-c\" data-cat=\"leadership\" style=\"text-decoration:none;color:inherit;cursor:pointer\"><div class=\"rm-ci\" style=\"background-image:url('https:\/\/robert-moreno.es\/wp-content\/uploads\/2026\/03\/Entrada15-CharlaComplejidad-768x430.webp')\"><\/div><div class=\"rm-cb\"><span class=\"rm-cc\">&#128196; Leadership<\/span><h3 class=\"rm-ct\">La complessit\u00e0 di essere allenatore \u2014 Conferenza all\u2019Universit\u00e0 di Deusto<\/h3><p class=\"rm-ce\">&#127891; Conferenza &middot; Universit&agrave; La complessit&agrave; di essere allenatore Conferenza integrale all&#8217;Universit&agrave; di Deusto, Donostia &mdash; organizzata dalla Federazione Calcio di Gipuzkoa &#127891; Universit&agrave; di Deusto Gipuzkoako Futbol Federazioa 18...<\/p><span class=\"rm-cd\">Dic 2023<\/span><\/div><\/a><a href=\"https:\/\/robert-moreno.es\/it\/robert-moreno-analista-a-onda-cero\/\" class=\"rm-c\" data-cat=\"collaborazione\" style=\"text-decoration:none;color:inherit;cursor:pointer\"><div class=\"rm-ci\" style=\"background-image:url('https:\/\/robert-moreno.es\/wp-content\/uploads\/2026\/03\/Entrada16OndaCeroVillarrea-768x1024.webp')\"><\/div><div class=\"rm-cb\"><span class=\"rm-cc\">&#128196; Collaborazione<\/span><h3 class=\"rm-ct\">Robert Moreno, analista a Onda Cero<\/h3><p class=\"rm-ce\">&#127897; Radio &middot; Collaboratore Robert Moreno, analista su Onda Cero Collaboratore fisso di Radioestadio ed El Transistor: analisi tattica, opinione esperta e voce autorevole nella radio sportiva nazionale &#127897; Onda...<\/p><span class=\"rm-cd\">Dic 2023<\/span><\/div><\/a><a href=\"https:\/\/robert-moreno.es\/it\/editorialista-su-diario-sport\/\" class=\"rm-c\" data-cat=\"collaborazione\" style=\"text-decoration:none;color:inherit;cursor:pointer\"><div class=\"rm-ci\" style=\"background-image:url('https:\/\/robert-moreno.es\/wp-content\/uploads\/2026\/03\/eb279147-cb9b-496b-9d5c-12f820b9fd4e-768x431.webp')\"><\/div><div class=\"rm-cb\"><span class=\"rm-cc\">&#128196; Collaborazione<\/span><h3 class=\"rm-ct\">Editorialista su Diario SPORT<\/h3><p class=\"rm-ce\">&#128240; Rubrica &middot; Stampa Editorialista sul Diario SPORT Articoli d&rsquo;opinione e analisi dell&rsquo;attualit&agrave; calcistica su uno dei principali quotidiani sportivi della Spagna &#128240; Diario SPORT Editorialista \/ Opinionista 2022 &ndash;...<\/p><span class=\"rm-cd\">Giu 2023<\/span><\/div><\/a><a href=\"https:\/\/robert-moreno.es\/it\/commentatore-dei-mondiali-di-qatar-2022\/\" class=\"rm-c\" data-cat=\"collaborazione\" style=\"text-decoration:none;color:inherit;cursor:pointer\"><div class=\"rm-ci\" style=\"background-image:url('https:\/\/robert-moreno.es\/wp-content\/uploads\/2026\/03\/entrada18_mediapro_featured.webp')\"><\/div><div class=\"rm-cb\"><span class=\"rm-cc\">&#128196; Collaborazione<\/span><h3 class=\"rm-ct\">Commentatore dei Mondiali di Qatar 2022<\/h3><p class=\"rm-ce\">&#127909; TV &middot; Commentatore Commentatore del Mondiale Qatar 2022 Robert Moreno ha partecipato come analista e commentatore nella copertura televisiva del Mondiale Qatar 2022, prodotta da Mediapro &#127909; Mediapro Mondiale...<\/p><span class=\"rm-cd\">Nov 2022<\/span><\/div><\/a><a href=\"https:\/\/robert-moreno.es\/it\/opinionista-sportivo-su-rac1-con-jordi-baste\/\" class=\"rm-c\" data-cat=\"collaborazione\" style=\"text-decoration:none;color:inherit;cursor:pointer\"><div class=\"rm-ci\" style=\"background-image:url('https:\/\/robert-moreno.es\/wp-content\/uploads\/2026\/03\/entrada20_rac1_featured.webp')\"><\/div><div class=\"rm-cb\"><span class=\"rm-cc\">&#128196; Collaborazione<\/span><h3 class=\"rm-ct\">Opinionista sportivo su RAC1 con Jordi Bast\u00e9<\/h3><p class=\"rm-ce\">&#127897; Radio &middot; Opinionista Opinionista sportivo su RAC1 con Jordi Bast&eacute; Collaboratore nella sezione sportiva del programma mattutino di Jordi Bast&eacute; su RAC1, l&#8217;emittente leader in Catalogna &#127897; RAC1 El...<\/p><span class=\"rm-cd\">Ott 2022<\/span><\/div><\/a><a href=\"https:\/\/robert-moreno.es\/it\/collaboratore-a-laliga-tv-internacional\/\" class=\"rm-c\" data-cat=\"collaborazione\" style=\"text-decoration:none;color:inherit;cursor:pointer\"><div class=\"rm-ci\" style=\"background-image:url('https:\/\/robert-moreno.es\/wp-content\/uploads\/2026\/03\/entrada19_laliga_featured.webp')\"><\/div><div class=\"rm-cb\"><span class=\"rm-cc\">&#128196; Collaborazione<\/span><h3 class=\"rm-ct\">Collaboratore a LaLiga TV Internacional<\/h3><p class=\"rm-ce\">\ud83c\udf10 TV Internazionale &middot; Collaboratore Collaboratore su LaLiga TV Internazionale Analista fisso nei programmi in inglese del canale internazionale di LaLiga, apportando visione tattica esperta per il pubblico globale \ud83c\udf10...<\/p><span class=\"rm-cd\">Set 2022<\/span><\/div><\/a><a href=\"https:\/\/robert-moreno.es\/it\/sono-forte-come-analista-intervista-su-el-pais\/\" class=\"rm-c\" data-cat=\"interviste\" style=\"text-decoration:none;color:inherit;cursor:pointer\"><div class=\"rm-ci\" style=\"background-image:url('https:\/\/robert-moreno.es\/wp-content\/uploads\/2021\/11\/Entrada14Soymasfuertecomoanalista-768x512.jpg')\"><\/div><div class=\"rm-cb\"><span class=\"rm-cc\">&#128196; Interviste<\/span><h3 class=\"rm-ct\">\u00abSono forte come analista\u00bb \u2014 Intervista su El Pa\u00eds<\/h3><p class=\"rm-ce\">&#128240; Intervista &middot; Stampa &laquo;Sono forte come analista&raquo; Intervista approfondita su El Pa&iacute;s su metodologia, analisi e visione del calcio moderno &#128240; El Pa&iacute;s Ferm&iacute;n Rodr&iacute;guez &amp; Rafael Pineda 20...<\/p><span class=\"rm-cd\">Nov 2021<\/span><\/div><\/a><\/div><\/div><\/div><script>function rmF(c){document.querySelectorAll(\".rm-fb\").forEach(function(b){b.classList.remove(\"active\")});event.target.classList.add(\"active\");document.querySelectorAll(\".rm-c\").forEach(function(d){d.style.display=(c===\"all\"||d.dataset.cat===c)?\"flex\":\"none\"})}<\/script>\n","protected":false},"excerpt":{"rendered":"","protected":false},"author":1,"featured_media":0,"parent":0,"menu_order":0,"comment_status":"closed","ping_status":"closed","template":"elementor_header_footer","meta":{"_angie_page":false,"footnotes":""},"class_list":["post-10171","page","type-page","status-publish","hentry"],"_links":{"self":[{"href":"https:\/\/robert-moreno.es\/it\/wp-json\/wp\/v2\/pages\/10171","targetHints":{"allow":["GET"]}}],"collection":[{"href":"https:\/\/robert-moreno.es\/it\/wp-json\/wp\/v2\/pages"}],"about":[{"href":"https:\/\/robert-moreno.es\/it\/wp-json\/wp\/v2\/types\/page"}],"author":[{"embeddable":true,"href":"https:\/\/robert-moreno.es\/it\/wp-json\/wp\/v2\/users\/1"}],"replies":[{"embeddable":true,"href":"https:\/\/robert-moreno.es\/it\/wp-json\/wp\/v2\/comments?post=10171"}],"version-history":[{"count":0,"href":"https:\/\/robert-moreno.es\/it\/wp-json\/wp\/v2\/pages\/10171\/revisions"}],"wp:attachment":[{"href":"https:\/\/robert-moreno.es\/it\/wp-json\/wp\/v2\/media?parent=10171"}],"curies":[{"name":"wp","href":"https:\/\/api.w.org\/{rel}","templated":true}]}}