{"id":11529,"date":"2026-09-04T17:34:12","date_gmt":"2026-09-04T15:34:12","guid":{"rendered":"https:\/\/robert-moreno.es\/?page_id=11529"},"modified":"2026-09-04T21:45:54","modified_gmt":"2026-09-04T19:45:54","slug":"kit-de-presse","status":"publish","type":"page","link":"https:\/\/robert-moreno.es\/fr\/kit-de-presse\/","title":{"rendered":"Kit de presse"},"content":{"rendered":"<div class=\"rm-pk\" style=\"background:#111;color:#e8e8e8;font-family:Montserrat,sans-serif;padding:clamp(40px,6vw,60px) 0 90px;line-height:1.7\">\n<div style=\"max-width:960px;margin:0 auto;padding:0 clamp(22px,5vw,40px)\">\n<h1 style=\"font-size:clamp(1.9rem,6vw,2.8rem);font-weight:700;color:#fff;text-transform:uppercase;letter-spacing:3px;margin:0 0 14px;line-height:1.15\">Kit de presse<\/h1>\n<p style=\"font-size:clamp(.95rem,2.4vw,1.05rem);color:#999;max-width:60ch;margin:0 0 10px\">Mat\u00e9riel libre de droits pour les m\u00e9dias : biographies, donn\u00e9es v\u00e9rifi\u00e9es, apparitions publiques et citations sourc\u00e9es. Sans inscription et sans autorisation pr\u00e9alable.<\/p>\n<p style=\"font-size:.72rem;color:#666;text-transform:uppercase;letter-spacing:2px;margin:0 0 46px\">Mis \u00e0 jour le 5 septembre 2026<\/p>\n<h2 style=\"font-size:.8rem;font-weight:700;color:#D4AF37;text-transform:uppercase;letter-spacing:2.5px;margin:56px 0 6px;padding-bottom:12px;border-bottom:1px solid #2a2a2a\">Biographie<\/h2>\n<p style=\"margin:12px 0 0;color:#b5b5b5\">Trois longueurs, pr\u00eates \u00e0 copier. Reproductibles sans autorisation ni mention, m\u00eame si un lien est appr\u00e9ci\u00e9.<\/p>\n<div style=\"background:#1a1a1a;border:1px solid #252525;border-left:3px solid #D4AF37;padding:24px 26px;margin-top:18px;border-radius:0 6px 6px 0\">\n<div style=\"font-size:.66rem;color:#D4AF37;text-transform:uppercase;letter-spacing:2px;font-weight:700;margin:0 0 12px\">Courte \u00b7 100 mots<\/div>\n<p style=\"color:#ddd;margin:0\">Robert Moreno (Barcelone, 1977) est s\u00e9lectionneur de la Cor\u00e9e du Sud depuis septembre 2026, le premier technicien espagnol \u00e0 diriger la s\u00e9lection cor\u00e9enne. Entra\u00eeneur titulaire de la licence UEFA Pro, il a \u00e9t\u00e9 s\u00e9lectionneur de l&rsquo;Espagne en 2019, saison durant laquelle il a qualifi\u00e9 l&rsquo;\u00e9quipe pour l&rsquo;Euro 2020 sans perdre un seul match. Auparavant, il avait fait partie du staff du FC Barcelone avec lequel il a remport\u00e9 neuf titres, dont le tripl\u00e9 de 2015. Il a ensuite dirig\u00e9 l&rsquo;AS Monaco, le Granada CF et le PFC Sotchi, qu&rsquo;il a ramen\u00e9 en Premier Liga russe. Il parle cinq langues.<\/p>\n<\/div>\n<div style=\"background:#1a1a1a;border:1px solid #252525;border-left:3px solid #D4AF37;padding:24px 26px;margin-top:18px;border-radius:0 6px 6px 0\">\n<div style=\"font-size:.66rem;color:#D4AF37;text-transform:uppercase;letter-spacing:2px;font-weight:700;margin:0 0 12px\">Moyenne \u00b7 300 mots<\/div>\n<p style=\"color:#ddd;margin:0\">Robert Moreno (Barcelone, 19 septembre 1977) est s\u00e9lectionneur de la Cor\u00e9e du Sud depuis le 1er septembre 2026. Il a \u00e9t\u00e9 nomm\u00e9 \u00e0 l&rsquo;issue du premier appel \u00e0 candidatures public et ouvert de l&rsquo;histoire de la F\u00e9d\u00e9ration cor\u00e9enne de football, et il est le premier technicien espagnol \u00e0 diriger la Cor\u00e9e du Sud.<\/p>\n<p style=\"color:#ddd;margin:0;margin-top:14px\">Sa carri\u00e8re n&rsquo;a pas commenc\u00e9 sur le terrain. Il entre dans le football professionnel en 2010 comme analyste vid\u00e9o du FC Barcelone B, sans avoir \u00e9t\u00e9 joueur professionnel. Il rejoint ensuite l&rsquo;AS Roma, le RC Celta et, en 2014, le staff de l&rsquo;\u00e9quipe premi\u00e8re du FC Barcelone comme entra\u00eeneur adjoint. En trois saisons, le club remporte neuf titres, dont le tripl\u00e9 2014-15.<\/p>\n<p style=\"color:#ddd;margin:0;margin-top:14px\">En 2018, il int\u00e8gre le staff de la s\u00e9lection espagnole et, en mars 2019, il en devient le s\u00e9lectionneur. Il dirige neuf matchs, avec sept victoires et deux nuls, et qualifie l&rsquo;Espagne pour l&rsquo;Euro 2020 sans d\u00e9faite.<\/p>\n<p style=\"color:#ddd;margin:0;margin-top:14px\">Suivent trois projets dans trois pays diff\u00e9rents : l&rsquo;AS Monaco en Ligue 1, le Granada CF en LaLiga et le PFC Sotchi en Russie, o\u00f9 il obtient la mont\u00e9e en Premier Liga en 2025 apr\u00e8s avoir reconstruit une \u00e9quipe en crise. Avec la Cor\u00e9e du Sud, c&rsquo;est le cinqui\u00e8me pays o\u00f9 il travaille.<\/p>\n<p style=\"color:#ddd;margin:0;margin-top:14px\">Il est titulaire de la licence UEFA Pro, parle espagnol, catalan, anglais, italien et fran\u00e7ais, et est l&rsquo;auteur de \u00ab Mi receta del 4-4-2 \u00bb (2013). Il a donn\u00e9 des conf\u00e9rences \u00e0 l&rsquo;Universit\u00e9 de Deusto, \u00e0 l&rsquo;INEF et \u00e0 la F\u00e9d\u00e9ration royale espagnole de football. Son travail se caract\u00e9rise par l&rsquo;analyse vid\u00e9o, l&rsquo;usage des donn\u00e9es dans la prise de d\u00e9cision et le d\u00e9veloppement des jeunes joueurs.<\/p>\n<\/div>\n<h2 style=\"font-size:.8rem;font-weight:700;color:#D4AF37;text-transform:uppercase;letter-spacing:2.5px;margin:56px 0 6px;padding-bottom:12px;border-bottom:1px solid #2a2a2a\">T\u00e9l\u00e9chargements<\/h2>\n<p style=\"margin:12px 0 0;color:#b5b5b5\">Le dossier complet en PDF et Word, et le r\u00e9cit long (en espagnol et en anglais). Libre d\u2019utilisation, sans inscription.<\/p>\n<div style=\"display:grid;grid-template-columns:repeat(auto-fit,minmax(240px,1fr));gap:16px;margin-top:20px\"><a href=\"https:\/\/robert-moreno.es\/wp-content\/uploads\/2026\/09\/Robert-Moreno_Dossier-de-Presse_FR.pdf\" style=\"background:#1a1a1a;border:1px solid #252525;padding:22px;border-radius:6px;display:block;text-decoration:none\" download><b style=\"display:block;color:#fff;font-size:.98rem;margin-bottom:6px;font-weight:600\">Dossier de presse \u00b7 PDF<\/b><span style=\"font-size:.88rem;color:#999;display:block\">Fran\u00e7ais \u00b7 4 pages \u00b7 37 KB<\/span><span style=\"color:#D4AF37;font-size:.78rem;display:block;margin-top:10px;text-transform:uppercase;letter-spacing:1px;font-weight:700\">T\u00e9l\u00e9charger \u2193<\/span><\/a><a href=\"https:\/\/robert-moreno.es\/wp-content\/uploads\/2026\/09\/Robert-Moreno_Dossier-de-Presse_FR.docx\" style=\"background:#1a1a1a;border:1px solid #252525;padding:22px;border-radius:6px;display:block;text-decoration:none\" download><b style=\"display:block;color:#fff;font-size:.98rem;margin-bottom:6px;font-weight:600\">Dossier de presse \u00b7 Word<\/b><span style=\"font-size:.88rem;color:#999;display:block\">Fran\u00e7ais \u00b7 Word \u00b7 38 KB<\/span><span style=\"color:#D4AF37;font-size:.78rem;display:block;margin-top:10px;text-transform:uppercase;letter-spacing:1px;font-weight:700\">T\u00e9l\u00e9charger \u2193<\/span><\/a><a href=\"https:\/\/robert-moreno.es\/wp-content\/uploads\/2026\/09\/Robert-Moreno_Historia_ES.pdf\" style=\"background:#1a1a1a;border:1px solid #252525;padding:22px;border-radius:6px;display:block;text-decoration:none\" download><b style=\"display:block;color:#fff;font-size:.98rem;margin-bottom:6px;font-weight:600\">Le r\u00e9cit \u00b7 PDF<\/b><span style=\"font-size:.88rem;color:#999;display:block\">Espagnol \u00b7 4 pages \u00b7 36 KB<\/span><span style=\"color:#D4AF37;font-size:.78rem;display:block;margin-top:10px;text-transform:uppercase;letter-spacing:1px;font-weight:700\">T\u00e9l\u00e9charger \u2193<\/span><\/a><a href=\"https:\/\/robert-moreno.es\/wp-content\/uploads\/2026\/09\/Robert-Moreno_Historia_ES.docx\" style=\"background:#1a1a1a;border:1px solid #252525;padding:22px;border-radius:6px;display:block;text-decoration:none\" download><b style=\"display:block;color:#fff;font-size:.98rem;margin-bottom:6px;font-weight:600\">Le r\u00e9cit \u00b7 Word<\/b><span style=\"font-size:.88rem;color:#999;display:block\">Espagnol \u00b7 Word \u00b7 39 KB<\/span><span style=\"color:#D4AF37;font-size:.78rem;display:block;margin-top:10px;text-transform:uppercase;letter-spacing:1px;font-weight:700\">T\u00e9l\u00e9charger \u2193<\/span><\/a><a href=\"https:\/\/robert-moreno.es\/wp-content\/uploads\/2026\/09\/Robert-Moreno_Story_EN.pdf\" style=\"background:#1a1a1a;border:1px solid #252525;padding:22px;border-radius:6px;display:block;text-decoration:none\" download><b style=\"display:block;color:#fff;font-size:.98rem;margin-bottom:6px;font-weight:600\">Le r\u00e9cit \u00b7 PDF<\/b><span style=\"font-size:.88rem;color:#999;display:block\">Anglais \u00b7 3 pages \u00b7 33 KB<\/span><span style=\"color:#D4AF37;font-size:.78rem;display:block;margin-top:10px;text-transform:uppercase;letter-spacing:1px;font-weight:700\">T\u00e9l\u00e9charger \u2193<\/span><\/a><a href=\"https:\/\/robert-moreno.es\/wp-content\/uploads\/2026\/09\/Robert-Moreno_Story_EN.docx\" style=\"background:#1a1a1a;border:1px solid #252525;padding:22px;border-radius:6px;display:block;text-decoration:none\" download><b style=\"display:block;color:#fff;font-size:.98rem;margin-bottom:6px;font-weight:600\">Le r\u00e9cit \u00b7 Word<\/b><span style=\"font-size:.88rem;color:#999;display:block\">Anglais \u00b7 Word \u00b7 38 KB<\/span><span style=\"color:#D4AF37;font-size:.78rem;display:block;margin-top:10px;text-transform:uppercase;letter-spacing:1px;font-weight:700\">T\u00e9l\u00e9charger \u2193<\/span><\/a><\/div>\n<h2 style=\"font-size:.8rem;font-weight:700;color:#D4AF37;text-transform:uppercase;letter-spacing:2.5px;margin:56px 0 6px;padding-bottom:12px;border-bottom:1px solid #2a2a2a\">Donn\u00e9es v\u00e9rifi\u00e9es<\/h2>\n<p style=\"margin:12px 0 0;color:#b5b5b5\">Tout ce qui figure ici est v\u00e9rifi\u00e9. Si une donn\u00e9e n&rsquo;y est pas, c&rsquo;est qu&rsquo;elle ne l&rsquo;est pas.<\/p>\n<table style=\"width:100%;border-collapse:collapse;margin-top:18px;font-size:.93rem\">\n<tr>\n<th style=\"font-size:.66rem;color:#777;text-transform:uppercase;letter-spacing:1.5px;text-align:left;padding:0 14px 10px 0;border-bottom:1px solid #2a2a2a;font-weight:700\">Donn\u00e9e<\/th>\n<th style=\"font-size:.66rem;color:#777;text-transform:uppercase;letter-spacing:1.5px;text-align:left;padding:0 14px 10px 0;border-bottom:1px solid #2a2a2a;font-weight:700\"><\/th>\n<\/tr>\n<tr>\n<td style=\"padding:11px 14px 11px 0;border-bottom:1px solid #1e1e1e;color:#fff;font-weight:600;vertical-align:top\">Nom complet<\/td>\n<td style=\"padding:11px 14px 11px 0;border-bottom:1px solid #1e1e1e;color:#b5b5b5;vertical-align:top\">Robert Moreno Gonz\u00e1lez<\/td>\n<\/tr>\n<tr>\n<td style=\"padding:11px 14px 11px 0;border-bottom:1px solid #1e1e1e;color:#fff;font-weight:600;vertical-align:top\">Naissance<\/td>\n<td style=\"padding:11px 14px 11px 0;border-bottom:1px solid #1e1e1e;color:#b5b5b5;vertical-align:top\">19 septembre 1977, Barcelone (48 ans)<\/td>\n<\/tr>\n<tr>\n<td style=\"padding:11px 14px 11px 0;border-bottom:1px solid #1e1e1e;color:#fff;font-weight:600;vertical-align:top\">Licence<\/td>\n<td style=\"padding:11px 14px 11px 0;border-bottom:1px solid #1e1e1e;color:#b5b5b5;vertical-align:top\">UEFA Pro<\/td>\n<\/tr>\n<tr>\n<td style=\"padding:11px 14px 11px 0;border-bottom:1px solid #1e1e1e;color:#fff;font-weight:600;vertical-align:top\">Langues<\/td>\n<td style=\"padding:11px 14px 11px 0;border-bottom:1px solid #1e1e1e;color:#b5b5b5;vertical-align:top\">Espagnol, catalan, anglais, italien et fran\u00e7ais<\/td>\n<\/tr>\n<tr>\n<td style=\"padding:11px 14px 11px 0;border-bottom:1px solid #1e1e1e;color:#fff;font-weight:600;vertical-align:top\">Fonction actuelle<\/td>\n<td style=\"padding:11px 14px 11px 0;border-bottom:1px solid #1e1e1e;color:#b5b5b5;vertical-align:top\">S\u00e9lectionneur de la Cor\u00e9e du Sud, depuis le 1er septembre 2026<\/td>\n<\/tr>\n<tr>\n<td style=\"padding:11px 14px 11px 0;border-bottom:1px solid #1e1e1e;color:#fff;font-weight:600;vertical-align:top\">Mandat<\/td>\n<td style=\"padding:11px 14px 11px 0;border-bottom:1px solid #1e1e1e;color:#b5b5b5;vertical-align:top\">Six matchs internationaux, jusqu&rsquo;au 27 novembre 2026<\/td>\n<\/tr>\n<tr>\n<td style=\"padding:11px 14px 11px 0;border-bottom:1px solid #1e1e1e;color:#fff;font-weight:600;vertical-align:top\">Livre<\/td>\n<td style=\"padding:11px 14px 11px 0;border-bottom:1px solid #1e1e1e;color:#b5b5b5;vertical-align:top\">\u00ab Mi receta del 4-4-2 \u00bb (2013)<\/td>\n<\/tr>\n<\/table>\n<h3 style=\"font-size:1.05rem;font-weight:700;color:#fff;margin:30px 0 8px\">Parcours comme entra\u00eeneur principal<\/h3>\n<table style=\"width:100%;border-collapse:collapse;margin-top:18px;font-size:.93rem\">\n<tr>\n<th style=\"font-size:.66rem;color:#777;text-transform:uppercase;letter-spacing:1.5px;text-align:left;padding:0 14px 10px 0;border-bottom:1px solid #2a2a2a;font-weight:700\">P\u00e9riode<\/th>\n<th style=\"font-size:.66rem;color:#777;text-transform:uppercase;letter-spacing:1.5px;text-align:left;padding:0 14px 10px 0;border-bottom:1px solid #2a2a2a;font-weight:700\">Club<\/th>\n<th style=\"font-size:.66rem;color:#777;text-transform:uppercase;letter-spacing:1.5px;text-align:left;padding:0 14px 10px 0;border-bottom:1px solid #2a2a2a;font-weight:700\">Fonction<\/th>\n<\/tr>\n<tr>\n<td style=\"padding:11px 14px 11px 0;border-bottom:1px solid #1e1e1e;color:#fff;font-weight:600;vertical-align:top\">Depuis sept. 2026<\/td>\n<td style=\"padding:11px 14px 11px 0;border-bottom:1px solid #1e1e1e;color:#b5b5b5;vertical-align:top\">Cor\u00e9e du Sud<\/td>\n<td style=\"padding:11px 14px 11px 0;border-bottom:1px solid #1e1e1e;color:#b5b5b5;vertical-align:top\">S\u00e9lectionneur<\/td>\n<\/tr>\n<tr>\n<td style=\"padding:11px 14px 11px 0;border-bottom:1px solid #1e1e1e;color:#fff;font-weight:600;vertical-align:top\">Janv. 2024 \u2013 sept. 2025<\/td>\n<td style=\"padding:11px 14px 11px 0;border-bottom:1px solid #1e1e1e;color:#b5b5b5;vertical-align:top\">PFC Sotchi (Russie)<\/td>\n<td style=\"padding:11px 14px 11px 0;border-bottom:1px solid #1e1e1e;color:#b5b5b5;vertical-align:top\">Entra\u00eeneur principal<\/td>\n<\/tr>\n<tr>\n<td style=\"padding:11px 14px 11px 0;border-bottom:1px solid #1e1e1e;color:#fff;font-weight:600;vertical-align:top\">Juil. 2021 \u2013 mars 2022<\/td>\n<td style=\"padding:11px 14px 11px 0;border-bottom:1px solid #1e1e1e;color:#b5b5b5;vertical-align:top\">Granada CF (Espagne)<\/td>\n<td style=\"padding:11px 14px 11px 0;border-bottom:1px solid #1e1e1e;color:#b5b5b5;vertical-align:top\">Entra\u00eeneur principal<\/td>\n<\/tr>\n<tr>\n<td style=\"padding:11px 14px 11px 0;border-bottom:1px solid #1e1e1e;color:#fff;font-weight:600;vertical-align:top\">D\u00e9c. 2019 \u2013 juil. 2020<\/td>\n<td style=\"padding:11px 14px 11px 0;border-bottom:1px solid #1e1e1e;color:#b5b5b5;vertical-align:top\">AS Monaco (France)<\/td>\n<td style=\"padding:11px 14px 11px 0;border-bottom:1px solid #1e1e1e;color:#b5b5b5;vertical-align:top\">Entra\u00eeneur principal<\/td>\n<\/tr>\n<tr>\n<td style=\"padding:11px 14px 11px 0;border-bottom:1px solid #1e1e1e;color:#fff;font-weight:600;vertical-align:top\">Mars 2019 \u2013 nov. 2019<\/td>\n<td style=\"padding:11px 14px 11px 0;border-bottom:1px solid #1e1e1e;color:#b5b5b5;vertical-align:top\">Espagne<\/td>\n<td style=\"padding:11px 14px 11px 0;border-bottom:1px solid #1e1e1e;color:#b5b5b5;vertical-align:top\">S\u00e9lectionneur<\/td>\n<\/tr>\n<\/table>\n<h3 style=\"font-size:1.05rem;font-weight:700;color:#fff;margin:30px 0 8px\">Comme entra\u00eeneur adjoint et analyste<\/h3>\n<table style=\"width:100%;border-collapse:collapse;margin-top:18px;font-size:.93rem\">\n<tr>\n<th style=\"font-size:.66rem;color:#777;text-transform:uppercase;letter-spacing:1.5px;text-align:left;padding:0 14px 10px 0;border-bottom:1px solid #2a2a2a;font-weight:700\">P\u00e9riode<\/th>\n<th style=\"font-size:.66rem;color:#777;text-transform:uppercase;letter-spacing:1.5px;text-align:left;padding:0 14px 10px 0;border-bottom:1px solid #2a2a2a;font-weight:700\">Club<\/th>\n<th style=\"font-size:.66rem;color:#777;text-transform:uppercase;letter-spacing:1.5px;text-align:left;padding:0 14px 10px 0;border-bottom:1px solid #2a2a2a;font-weight:700\">Fonction<\/th>\n<\/tr>\n<tr>\n<td style=\"padding:11px 14px 11px 0;border-bottom:1px solid #1e1e1e;color:#fff;font-weight:600;vertical-align:top\">Juil. 2018 \u2013 mars 2019<\/td>\n<td style=\"padding:11px 14px 11px 0;border-bottom:1px solid #1e1e1e;color:#b5b5b5;vertical-align:top\">Espagne<\/td>\n<td style=\"padding:11px 14px 11px 0;border-bottom:1px solid #1e1e1e;color:#b5b5b5;vertical-align:top\">Entra\u00eeneur adjoint<\/td>\n<\/tr>\n<tr>\n<td style=\"padding:11px 14px 11px 0;border-bottom:1px solid #1e1e1e;color:#fff;font-weight:600;vertical-align:top\">Juil. 2017 \u2013 juin 2018<\/td>\n<td style=\"padding:11px 14px 11px 0;border-bottom:1px solid #1e1e1e;color:#b5b5b5;vertical-align:top\">RC Celta<\/td>\n<td style=\"padding:11px 14px 11px 0;border-bottom:1px solid #1e1e1e;color:#b5b5b5;vertical-align:top\">Entra\u00eeneur adjoint<\/td>\n<\/tr>\n<tr>\n<td style=\"padding:11px 14px 11px 0;border-bottom:1px solid #1e1e1e;color:#fff;font-weight:600;vertical-align:top\">Juil. 2014 \u2013 juin 2017<\/td>\n<td style=\"padding:11px 14px 11px 0;border-bottom:1px solid #1e1e1e;color:#b5b5b5;vertical-align:top\">FC Barcelone<\/td>\n<td style=\"padding:11px 14px 11px 0;border-bottom:1px solid #1e1e1e;color:#b5b5b5;vertical-align:top\">Entra\u00eeneur adjoint<\/td>\n<\/tr>\n<tr>\n<td style=\"padding:11px 14px 11px 0;border-bottom:1px solid #1e1e1e;color:#fff;font-weight:600;vertical-align:top\">Juil. 2013 \u2013 juin 2014<\/td>\n<td style=\"padding:11px 14px 11px 0;border-bottom:1px solid #1e1e1e;color:#b5b5b5;vertical-align:top\">RC Celta<\/td>\n<td style=\"padding:11px 14px 11px 0;border-bottom:1px solid #1e1e1e;color:#b5b5b5;vertical-align:top\">Entra\u00eeneur adjoint<\/td>\n<\/tr>\n<tr>\n<td style=\"padding:11px 14px 11px 0;border-bottom:1px solid #1e1e1e;color:#fff;font-weight:600;vertical-align:top\">Juil. 2011 \u2013 juin 2012<\/td>\n<td style=\"padding:11px 14px 11px 0;border-bottom:1px solid #1e1e1e;color:#b5b5b5;vertical-align:top\">AS Roma (Italie)<\/td>\n<td style=\"padding:11px 14px 11px 0;border-bottom:1px solid #1e1e1e;color:#b5b5b5;vertical-align:top\">Entra\u00eeneur adjoint<\/td>\n<\/tr>\n<tr>\n<td style=\"padding:11px 14px 11px 0;border-bottom:1px solid #1e1e1e;color:#fff;font-weight:600;vertical-align:top\">Juil. 2010 \u2013 juin 2011<\/td>\n<td style=\"padding:11px 14px 11px 0;border-bottom:1px solid #1e1e1e;color:#b5b5b5;vertical-align:top\">FC Barcelone B<\/td>\n<td style=\"padding:11px 14px 11px 0;border-bottom:1px solid #1e1e1e;color:#b5b5b5;vertical-align:top\">Analyste vid\u00e9o<\/td>\n<\/tr>\n<\/table>\n<h3 style=\"font-size:1.05rem;font-weight:700;color:#fff;margin:30px 0 8px\">Palmar\u00e8s<\/h3>\n<p style=\"margin:12px 0 0;color:#b5b5b5\">Neuf titres comme membre du staff du FC Barcelone entre 2014 et 2017 : la Ligue des champions 2014-15, deux championnats (2014-15 et 2015-16), trois Coupes du Roi (2014-15, 2015-16 et 2016-17), la Supercoupe d&rsquo;Europe et la Coupe du monde des clubs 2015, et la Supercoupe d&rsquo;Espagne 2016. La saison 2014-15 s&rsquo;est achev\u00e9e par le tripl\u00e9.<\/p>\n<p style=\"margin:12px 0 0;color:#b5b5b5;margin-top:14px\">Comme entra\u00eeneur principal : qualification de l&rsquo;Espagne pour l&rsquo;Euro 2020 sans d\u00e9faite (neuf matchs, sept victoires, deux nuls) et mont\u00e9e du PFC Sotchi en Premier Liga russe en 2025.<\/p>\n<h2 style=\"font-size:.8rem;font-weight:700;color:#D4AF37;text-transform:uppercase;letter-spacing:2.5px;margin:56px 0 6px;padding-bottom:12px;border-bottom:1px solid #2a2a2a\">Photographies<\/h2>\n<p style=\"margin:12px 0 0;color:#b5b5b5\">Douze images \u00e0 usage \u00e9ditorial. Cliquez pour t\u00e9l\u00e9charger le fichier original en pleine r\u00e9solution. <strong style=\"color:#fff\">Le cr\u00e9dit du photographe est obligatoire<\/strong> dans la l\u00e9gende.<\/p>\n<div style=\"display:grid;grid-template-columns:repeat(auto-fill,minmax(210px,1fr));gap:18px;margin-top:22px\">\n<div style=\"background:#1a1a1a;border:1px solid #252525;border-radius:6px;overflow:hidden;display:flex;flex-direction:column\"><img decoding=\"async\" src=\"https:\/\/robert-moreno.es\/wp-content\/uploads\/2026\/09\/robert-moreno-retrato-principal-scaled.jpg\" alt=\"Portrait principal \u2014 Robert Moreno\" loading=\"lazy\" style=\"width:100%;height:170px;object-fit:cover;object-position:center 22%;display:block;background:#111\"><\/p>\n<div style=\"padding:13px 14px 15px;display:flex;flex-direction:column;gap:5px;flex:1\"><b style=\"font-size:.86rem;color:#fff;font-weight:600;line-height:1.3\">Portrait principal<\/b><span style=\"font-size:.7rem;color:#888\">Photo: Yaroshenko Ruslan<\/span><span style=\"font-size:.66rem;color:#666;letter-spacing:.5px\">4993 \u00d7 3323 px<\/span><a href=\"https:\/\/robert-moreno.es\/wp-content\/uploads\/2026\/09\/robert-moreno-retrato-principal.jpg\" download style=\"margin-top:auto;padding-top:9px;font-size:.7rem;color:#D4AF37;text-decoration:none;text-transform:uppercase;letter-spacing:1.2px;font-weight:700\">T\u00e9l\u00e9charger l&rsquo;original \u2193<\/a><\/div>\n<\/div>\n<div style=\"background:#1a1a1a;border:1px solid #252525;border-radius:6px;overflow:hidden;display:flex;flex-direction:column\"><img decoding=\"async\" src=\"https:\/\/robert-moreno.es\/wp-content\/uploads\/2026\/09\/robert-moreno-retrato-campo-scaled.jpg\" alt=\"Sur le terrain \u2014 Robert Moreno\" loading=\"lazy\" style=\"width:100%;height:170px;object-fit:cover;object-position:center 22%;display:block;background:#111\"><\/p>\n<div style=\"padding:13px 14px 15px;display:flex;flex-direction:column;gap:5px;flex:1\"><b style=\"font-size:.86rem;color:#fff;font-weight:600;line-height:1.3\">Sur le terrain<\/b><span style=\"font-size:.7rem;color:#888\">Photo: Yaroshenko Ruslan<\/span><span style=\"font-size:.66rem;color:#666;letter-spacing:.5px\">6048 \u00d7 4024 px<\/span><a href=\"https:\/\/robert-moreno.es\/wp-content\/uploads\/2026\/09\/robert-moreno-retrato-campo.jpg\" download style=\"margin-top:auto;padding-top:9px;font-size:.7rem;color:#D4AF37;text-decoration:none;text-transform:uppercase;letter-spacing:1.2px;font-weight:700\">T\u00e9l\u00e9charger l&rsquo;original \u2193<\/a><\/div>\n<\/div>\n<div style=\"background:#1a1a1a;border:1px solid #252525;border-radius:6px;overflow:hidden;display:flex;flex-direction:column\"><img decoding=\"async\" src=\"https:\/\/robert-moreno.es\/wp-content\/uploads\/2026\/09\/robert-moreno-sochi-banquillo-scaled.jpg\" alt=\"Banc \u00b7 PFC Sotchi \u2014 Robert Moreno\" loading=\"lazy\" style=\"width:100%;height:170px;object-fit:cover;object-position:center 22%;display:block;background:#111\"><\/p>\n<div style=\"padding:13px 14px 15px;display:flex;flex-direction:column;gap:5px;flex:1\"><b style=\"font-size:.86rem;color:#fff;font-weight:600;line-height:1.3\">Banc \u00b7 PFC Sotchi<\/b><span style=\"font-size:.7rem;color:#888\">Photo: Yaroshenko Ruslan<\/span><span style=\"font-size:.66rem;color:#666;letter-spacing:.5px\">6048 \u00d7 4024 px<\/span><a href=\"https:\/\/robert-moreno.es\/wp-content\/uploads\/2026\/09\/robert-moreno-sochi-banquillo.jpg\" download style=\"margin-top:auto;padding-top:9px;font-size:.7rem;color:#D4AF37;text-decoration:none;text-transform:uppercase;letter-spacing:1.2px;font-weight:700\">T\u00e9l\u00e9charger l&rsquo;original \u2193<\/a><\/div>\n<\/div>\n<div style=\"background:#1a1a1a;border:1px solid #252525;border-radius:6px;overflow:hidden;display:flex;flex-direction:column\"><img decoding=\"async\" src=\"https:\/\/robert-moreno.es\/wp-content\/uploads\/2026\/09\/robert-moreno-sochi-partido-scaled.jpg\" alt=\"Jour de match \u00b7 PFC Sotchi \u2014 Robert Moreno\" loading=\"lazy\" style=\"width:100%;height:170px;object-fit:cover;object-position:center 22%;display:block;background:#111\"><\/p>\n<div style=\"padding:13px 14px 15px;display:flex;flex-direction:column;gap:5px;flex:1\"><b style=\"font-size:.86rem;color:#fff;font-weight:600;line-height:1.3\">Jour de match \u00b7 PFC Sotchi<\/b><span style=\"font-size:.7rem;color:#888\">Photo: Yaroshenko Ruslan<\/span><span style=\"font-size:.66rem;color:#666;letter-spacing:.5px\">4704 \u00d7 3130 px<\/span><a href=\"https:\/\/robert-moreno.es\/wp-content\/uploads\/2026\/09\/robert-moreno-sochi-partido.jpg\" download style=\"margin-top:auto;padding-top:9px;font-size:.7rem;color:#D4AF37;text-decoration:none;text-transform:uppercase;letter-spacing:1.2px;font-weight:700\">T\u00e9l\u00e9charger l&rsquo;original \u2193<\/a><\/div>\n<\/div>\n<div style=\"background:#1a1a1a;border:1px solid #252525;border-radius:6px;overflow:hidden;display:flex;flex-direction:column\"><img decoding=\"async\" src=\"https:\/\/robert-moreno.es\/wp-content\/uploads\/2026\/09\/robert-moreno-sochi-entrenamiento-scaled.jpg\" alt=\"Entra\u00eenement \u00b7 PFC Sotchi \u2014 Robert Moreno\" loading=\"lazy\" style=\"width:100%;height:170px;object-fit:cover;object-position:center 22%;display:block;background:#111\"><\/p>\n<div style=\"padding:13px 14px 15px;display:flex;flex-direction:column;gap:5px;flex:1\"><b style=\"font-size:.86rem;color:#fff;font-weight:600;line-height:1.3\">Entra\u00eenement \u00b7 PFC Sotchi<\/b><span style=\"font-size:.7rem;color:#888\">Photo: Yaroshenko Ruslan<\/span><span style=\"font-size:.66rem;color:#666;letter-spacing:.5px\">4528 \u00d7 3016 px<\/span><a href=\"https:\/\/robert-moreno.es\/wp-content\/uploads\/2026\/09\/robert-moreno-sochi-entrenamiento.jpg\" download style=\"margin-top:auto;padding-top:9px;font-size:.7rem;color:#D4AF37;text-decoration:none;text-transform:uppercase;letter-spacing:1.2px;font-weight:700\">T\u00e9l\u00e9charger l&rsquo;original \u2193<\/a><\/div>\n<\/div>\n<div style=\"background:#1a1a1a;border:1px solid #252525;border-radius:6px;overflow:hidden;display:flex;flex-direction:column\"><img decoding=\"async\" src=\"https:\/\/robert-moreno.es\/wp-content\/uploads\/2026\/09\/robert-moreno-seleccion-rueda-prensa-scaled.jpg\" alt=\"Conf\u00e9rence de presse \u00b7 Espagne \u2014 Robert Moreno\" loading=\"lazy\" style=\"width:100%;height:170px;object-fit:cover;object-position:center 22%;display:block;background:#111\"><\/p>\n<div style=\"padding:13px 14px 15px;display:flex;flex-direction:column;gap:5px;flex:1\"><b style=\"font-size:.86rem;color:#fff;font-weight:600;line-height:1.3\">Conf\u00e9rence de presse \u00b7 Espagne<\/b><span style=\"font-size:.7rem;color:#888\">Photo: Carmelo Rubio<\/span><span style=\"font-size:.66rem;color:#666;letter-spacing:.5px\">4438 \u00d7 2959 px<\/span><a href=\"https:\/\/robert-moreno.es\/wp-content\/uploads\/2026\/09\/robert-moreno-seleccion-rueda-prensa.jpg\" download style=\"margin-top:auto;padding-top:9px;font-size:.7rem;color:#D4AF37;text-decoration:none;text-transform:uppercase;letter-spacing:1.2px;font-weight:700\">T\u00e9l\u00e9charger l&rsquo;original \u2193<\/a><\/div>\n<\/div>\n<div style=\"background:#1a1a1a;border:1px solid #252525;border-radius:6px;overflow:hidden;display:flex;flex-direction:column\"><img decoding=\"async\" src=\"https:\/\/robert-moreno.es\/wp-content\/uploads\/2026\/09\/robert-moreno-monaco-bn-1.jpg\" alt=\"Conf\u00e9rence de presse \u00b7 AS Monaco \u2014 Robert Moreno\" loading=\"lazy\" style=\"width:100%;height:170px;object-fit:cover;object-position:center 22%;display:block;background:#111\"><\/p>\n<div style=\"padding:13px 14px 15px;display:flex;flex-direction:column;gap:5px;flex:1\"><b style=\"font-size:.86rem;color:#fff;font-weight:600;line-height:1.3\">Conf\u00e9rence de presse \u00b7 AS Monaco<\/b><span style=\"font-size:.7rem;color:#888\">Photo: AS Monaco<\/span><span style=\"font-size:.66rem;color:#666;letter-spacing:.5px\">2320 \u00d7 1547 px<\/span><a href=\"https:\/\/robert-moreno.es\/wp-content\/uploads\/2026\/09\/robert-moreno-monaco-bn-1.jpg\" download style=\"margin-top:auto;padding-top:9px;font-size:.7rem;color:#D4AF37;text-decoration:none;text-transform:uppercase;letter-spacing:1.2px;font-weight:700\">T\u00e9l\u00e9charger l&rsquo;original \u2193<\/a><\/div>\n<\/div>\n<div style=\"background:#1a1a1a;border:1px solid #252525;border-radius:6px;overflow:hidden;display:flex;flex-direction:column\"><img decoding=\"async\" src=\"https:\/\/robert-moreno.es\/wp-content\/uploads\/2026\/09\/robert-moreno-monaco-bn-2.jpg\" alt=\"Conf\u00e9rence de presse \u00b7 AS Monaco \u2014 Robert Moreno\" loading=\"lazy\" style=\"width:100%;height:170px;object-fit:cover;object-position:center 22%;display:block;background:#111\"><\/p>\n<div style=\"padding:13px 14px 15px;display:flex;flex-direction:column;gap:5px;flex:1\"><b style=\"font-size:.86rem;color:#fff;font-weight:600;line-height:1.3\">Conf\u00e9rence de presse \u00b7 AS Monaco<\/b><span style=\"font-size:.7rem;color:#888\">Photo: AS Monaco<\/span><span style=\"font-size:.66rem;color:#666;letter-spacing:.5px\">2320 \u00d7 1547 px<\/span><a href=\"https:\/\/robert-moreno.es\/wp-content\/uploads\/2026\/09\/robert-moreno-monaco-bn-2.jpg\" download style=\"margin-top:auto;padding-top:9px;font-size:.7rem;color:#D4AF37;text-decoration:none;text-transform:uppercase;letter-spacing:1.2px;font-weight:700\">T\u00e9l\u00e9charger l&rsquo;original \u2193<\/a><\/div>\n<\/div>\n<div style=\"background:#1a1a1a;border:1px solid #252525;border-radius:6px;overflow:hidden;display:flex;flex-direction:column\"><img decoding=\"async\" src=\"https:\/\/robert-moreno.es\/wp-content\/uploads\/2026\/09\/robert-moreno-monaco-banda.jpg\" alt=\"Bord de touche \u00b7 AS Monaco \u2014 Robert Moreno\" loading=\"lazy\" style=\"width:100%;height:170px;object-fit:cover;object-position:center 22%;display:block;background:#111\"><\/p>\n<div style=\"padding:13px 14px 15px;display:flex;flex-direction:column;gap:5px;flex:1\"><b style=\"font-size:.86rem;color:#fff;font-weight:600;line-height:1.3\">Bord de touche \u00b7 AS Monaco<\/b><span style=\"font-size:.7rem;color:#888\">Photo: AS Monaco<\/span><span style=\"font-size:.66rem;color:#666;letter-spacing:.5px\">2320 \u00d7 1547 px<\/span><a href=\"https:\/\/robert-moreno.es\/wp-content\/uploads\/2026\/09\/robert-moreno-monaco-banda.jpg\" download style=\"margin-top:auto;padding-top:9px;font-size:.7rem;color:#D4AF37;text-decoration:none;text-transform:uppercase;letter-spacing:1.2px;font-weight:700\">T\u00e9l\u00e9charger l&rsquo;original \u2193<\/a><\/div>\n<\/div>\n<div style=\"background:#1a1a1a;border:1px solid #252525;border-radius:6px;overflow:hidden;display:flex;flex-direction:column\"><img decoding=\"async\" src=\"https:\/\/robert-moreno.es\/wp-content\/uploads\/2026\/09\/robert-moreno-panenka-retrato-1.jpg\" alt=\"Portrait de studio \u2014 Robert Moreno\" loading=\"lazy\" style=\"width:100%;height:170px;object-fit:cover;object-position:center 22%;display:block;background:#111\"><\/p>\n<div style=\"padding:13px 14px 15px;display:flex;flex-direction:column;gap:5px;flex:1\"><b style=\"font-size:.86rem;color:#fff;font-weight:600;line-height:1.3\">Portrait de studio<\/b><span style=\"font-size:.7rem;color:#888\">Photo: Panenka<\/span><span style=\"font-size:.66rem;color:#666;letter-spacing:.5px\">945 \u00d7 1417 px<\/span><a href=\"https:\/\/robert-moreno.es\/wp-content\/uploads\/2026\/09\/robert-moreno-panenka-retrato-1.jpg\" download style=\"margin-top:auto;padding-top:9px;font-size:.7rem;color:#D4AF37;text-decoration:none;text-transform:uppercase;letter-spacing:1.2px;font-weight:700\">T\u00e9l\u00e9charger l&rsquo;original \u2193<\/a><\/div>\n<\/div>\n<div style=\"background:#1a1a1a;border:1px solid #252525;border-radius:6px;overflow:hidden;display:flex;flex-direction:column\"><img decoding=\"async\" src=\"https:\/\/robert-moreno.es\/wp-content\/uploads\/2026\/09\/robert-moreno-panenka-retrato-2.jpg\" alt=\"Portrait de studio \u2014 Robert Moreno\" loading=\"lazy\" style=\"width:100%;height:170px;object-fit:cover;object-position:center 22%;display:block;background:#111\"><\/p>\n<div style=\"padding:13px 14px 15px;display:flex;flex-direction:column;gap:5px;flex:1\"><b style=\"font-size:.86rem;color:#fff;font-weight:600;line-height:1.3\">Portrait de studio<\/b><span style=\"font-size:.7rem;color:#888\">Photo: Panenka<\/span><span style=\"font-size:.66rem;color:#666;letter-spacing:.5px\">945 \u00d7 1417 px<\/span><a href=\"https:\/\/robert-moreno.es\/wp-content\/uploads\/2026\/09\/robert-moreno-panenka-retrato-2.jpg\" download style=\"margin-top:auto;padding-top:9px;font-size:.7rem;color:#D4AF37;text-decoration:none;text-transform:uppercase;letter-spacing:1.2px;font-weight:700\">T\u00e9l\u00e9charger l&rsquo;original \u2193<\/a><\/div>\n<\/div>\n<div style=\"background:#1a1a1a;border:1px solid #252525;border-radius:6px;overflow:hidden;display:flex;flex-direction:column\"><img decoding=\"async\" src=\"https:\/\/robert-moreno.es\/wp-content\/uploads\/2026\/09\/robert-moreno-champions-2015-scaled.jpg\" alt=\"Champions League 2015 \u2014 Robert Moreno\" loading=\"lazy\" style=\"width:100%;height:170px;object-fit:cover;object-position:center 22%;display:block;background:#111\"><\/p>\n<div style=\"padding:13px 14px 15px;display:flex;flex-direction:column;gap:5px;flex:1\"><b style=\"font-size:.86rem;color:#fff;font-weight:600;line-height:1.3\">Champions League 2015<\/b><span style=\"font-size:.7rem;color:#888\">Photo: \u00a9 Miguel Ruiz<\/span><span style=\"font-size:.66rem;color:#666;letter-spacing:.5px\">3456 \u00d7 5184 px<\/span><a href=\"https:\/\/robert-moreno.es\/wp-content\/uploads\/2026\/09\/robert-moreno-champions-2015.jpg\" download style=\"margin-top:auto;padding-top:9px;font-size:.7rem;color:#D4AF37;text-decoration:none;text-transform:uppercase;letter-spacing:1.2px;font-weight:700\">T\u00e9l\u00e9charger l&rsquo;original \u2193<\/a><\/div>\n<\/div>\n<\/div>\n<p style=\"font-size:.9rem;color:#8a8a8a;margin-top:14px\">Format de la l\u00e9gende : <em style=\"color:#bbb\">Robert Moreno. Photo: Yaroshenko Ruslan.<\/em><\/p>\n<h2 style=\"font-size:.8rem;font-weight:700;color:#D4AF37;text-transform:uppercase;letter-spacing:2.5px;margin:56px 0 6px;padding-bottom:12px;border-bottom:1px solid #2a2a2a\">Citations sourc\u00e9es<\/h2>\n<p style=\"margin:12px 0 0;color:#b5b5b5\">D\u00e9clarations d\u00e9j\u00e0 publi\u00e9es, avec le m\u00e9dia d&rsquo;origine. Reproductibles en citant la source.<\/p>\n<div style=\"border-left:2px solid #D4AF37;padding-left:18px;margin:16px 0 0;color:#ddd;font-style:italic\">\u00ab Avant, 100 % de mon temps allait \u00e0 la tactique, \u00e0 la m\u00e9thodologie, \u00e0 la pr\u00e9paration des matchs, \u00e0 l&rsquo;analyse des adversaires. Aujourd&rsquo;hui je me rends compte que cela repr\u00e9sentait 20 % du m\u00e9tier d&rsquo;entra\u00eeneur principal. Les 80 % restants, c&rsquo;est essentiellement la relation avec les gens. \u00bb<em style=\"display:block;color:#8a8a8a;font-style:normal;font-size:.9rem;margin-top:7px\">\u2014 Mentalidad Deportiva, f\u00e9vrier 2026<\/em><\/div>\n<div style=\"border-left:2px solid #D4AF37;padding-left:18px;margin:16px 0 0;color:#ddd;font-style:italic\">\u00ab Quand j&rsquo;arrive dans un pays, ce qui m&rsquo;int\u00e9resse le plus, c&rsquo;est de comprendre sa culture et ses registres de communication. Cette part invisible pour le grand public est tr\u00e8s importante pour un entra\u00eeneur. \u00bb<em style=\"display:block;color:#8a8a8a;font-style:normal;font-size:.9rem;margin-top:7px\">\u2014 Mentalidad Deportiva, f\u00e9vrier 2026<\/em><\/div>\n<div style=\"border-left:2px solid #D4AF37;padding-left:18px;margin:16px 0 0;color:#ddd;font-style:italic\">\u00ab Je suis fort comme analyste. J&rsquo;ai pass\u00e9 ma vie \u00e0 regarder des matchs. C&rsquo;est ce qui me d\u00e9finit comme entra\u00eeneur. \u00bb<em style=\"display:block;color:#8a8a8a;font-style:normal;font-size:.9rem;margin-top:7px\">\u2014 El Pa\u00eds, novembre 2021<\/em><\/div>\n<div style=\"border-left:2px solid #D4AF37;padding-left:18px;margin:16px 0 0;color:#ddd;font-style:italic\">\u00ab Au fond, ce que je cherche, c&rsquo;est \u00e0 r\u00e9duire l&rsquo;incertitude du jeu. \u00bb<em style=\"display:block;color:#8a8a8a;font-style:normal;font-size:.9rem;margin-top:7px\">\u2014 Arquitectos \u2013 LALIGA, juillet 2026<\/em><\/div>\n<div style=\"border-left:2px solid #D4AF37;padding-left:18px;margin:16px 0 0;color:#ddd;font-style:italic\">\u00ab Le plus difficile \u00e0 pr\u00e9server, c&rsquo;est son propre jugement. Quand tout le bruit vous pousse \u00e0 changer, quand les critiques sont faciles et superficielles. \u00bb<em style=\"display:block;color:#8a8a8a;font-style:normal;font-size:.9rem;margin-top:7px\">\u2014 Mentalidad Deportiva, f\u00e9vrier 2026<\/em><\/div>\n<p style=\"font-size:.9rem;color:#8a8a8a;margin-top:14px\">Les citations ont \u00e9t\u00e9 prononc\u00e9es en espagnol et sont traduites ici.<\/p>\n<h2 style=\"font-size:.8rem;font-weight:700;color:#D4AF37;text-transform:uppercase;letter-spacing:2.5px;margin:56px 0 6px;padding-bottom:12px;border-bottom:1px solid #2a2a2a\">Entretiens de r\u00e9f\u00e9rence<\/h2>\n<p style=\"margin:12px 0 0;color:#b5b5b5\">Les pi\u00e8ces les plus compl\u00e8tes, avec un lien vers l&rsquo;original. Les vid\u00e9os appartiennent aux m\u00e9dias qui les ont produites.<\/p>\n<div style=\"display:grid;grid-template-columns:repeat(auto-fit,minmax(240px,1fr));gap:16px;margin-top:20px\"><a href=\"https:\/\/robert-moreno.es\/fr\/mentalite-sportive-haute-performance-et-leadership\/\" style=\"background:#1a1a1a;border:1px solid #252525;padding:22px;border-radius:6px;display:block;text-decoration:none\"><b style=\"display:block;color:#fff;font-size:.98rem;margin-bottom:6px;font-weight:600\">Mentalidad Deportiva<\/b><span style=\"font-size:.88rem;color:#999;display:block\">F\u00e9vr. 2026 \u00b7 entretien int\u00e9gralement transcrit. Le plus complet sur sa conception du m\u00e9tier.<\/span><span style=\"color:#D4AF37;font-size:.78rem;display:block;margin-top:10px;text-transform:uppercase;letter-spacing:1px;font-weight:700\">Voir la fiche \u2192<\/span><\/a><a href=\"https:\/\/robert-moreno.es\/fr\/robert-moreno-dans-el-camino-de-mario-le-recit-est-plus-fort-que-la-verite\/\" style=\"background:#1a1a1a;border:1px solid #252525;padding:22px;border-radius:6px;display:block;text-decoration:none\"><b style=\"display:block;color:#fff;font-size:.98rem;margin-bottom:6px;font-weight:600\">El Camino de Mario<\/b><span style=\"font-size:.88rem;color:#999;display:block\">Mars 2026 \u00b7 podcast. Les origines, racont\u00e9es en d\u00e9tail.<\/span><span style=\"color:#D4AF37;font-size:.78rem;display:block;margin-top:10px;text-transform:uppercase;letter-spacing:1px;font-weight:700\">Voir la fiche \u2192<\/span><\/a><a href=\"https:\/\/robert-moreno.es\/fr\/the-coaches-voice-un-chemin-propre-robert-moreno\/\" style=\"background:#1a1a1a;border:1px solid #252525;padding:22px;border-radius:6px;display:block;text-decoration:none\"><b style=\"display:block;color:#fff;font-size:.98rem;margin-bottom:6px;font-weight:600\">The Coaches&rsquo; Voice<\/b><span style=\"font-size:.88rem;color:#999;display:block\">2026 \u00b7 documentaire. Pour un public technique international.<\/span><span style=\"color:#D4AF37;font-size:.78rem;display:block;margin-top:10px;text-transform:uppercase;letter-spacing:1px;font-weight:700\">Voir la fiche \u2192<\/span><\/a><a href=\"https:\/\/robert-moreno.es\/fr\/je-suis-fort-en-tant-quanalyste-entretien-dans-el-pais\/\" style=\"background:#1a1a1a;border:1px solid #252525;padding:22px;border-radius:6px;display:block;text-decoration:none\"><b style=\"display:block;color:#fff;font-size:.98rem;margin-bottom:6px;font-weight:600\">El Pa\u00eds<\/b><span style=\"font-size:.88rem;color:#999;display:block\">Nov. 2021 \u00b7 entretien \u00e9crit sur la m\u00e9thode et l&rsquo;analyse.<\/span><span style=\"color:#D4AF37;font-size:.78rem;display:block;margin-top:10px;text-transform:uppercase;letter-spacing:1px;font-weight:700\">Voir la fiche \u2192<\/span><\/a><a href=\"https:\/\/robert-moreno.es\/fr\/entretien-approfondi-avec-mundo-deportivo\/\" style=\"background:#1a1a1a;border:1px solid #252525;padding:22px;border-radius:6px;display:block;text-decoration:none\"><b style=\"display:block;color:#fff;font-size:.98rem;margin-bottom:6px;font-weight:600\">Mundo Deportivo<\/b><span style=\"font-size:.88rem;color:#999;display:block\">Ao\u00fbt 2019 \u00b7 1 h 23 min. Son passage comme s\u00e9lectionneur de l&rsquo;Espagne.<\/span><span style=\"color:#D4AF37;font-size:.78rem;display:block;margin-top:10px;text-transform:uppercase;letter-spacing:1px;font-weight:700\">Voir la fiche \u2192<\/span><\/a><a href=\"https:\/\/robert-moreno.es\/fr\/la-complexite-du-metier-dentraineur-conference-a-luniversite-de-deusto\/\" style=\"background:#1a1a1a;border:1px solid #252525;padding:22px;border-radius:6px;display:block;text-decoration:none\"><b style=\"display:block;color:#fff;font-size:.98rem;margin-bottom:6px;font-weight:600\">Universit\u00e9 de Deusto<\/b><span style=\"font-size:.88rem;color:#999;display:block\">D\u00e9c. 2023 \u00b7 conf\u00e9rence int\u00e9grale sur la complexit\u00e9 du m\u00e9tier.<\/span><span style=\"color:#D4AF37;font-size:.78rem;display:block;margin-top:10px;text-transform:uppercase;letter-spacing:1px;font-weight:700\">Voir la fiche \u2192<\/span><\/a><a href=\"https:\/\/robert-moreno.es\/fr\/robert-moreno-arquitectos-laliga-71\/\" style=\"background:#1a1a1a;border:1px solid #252525;padding:22px;border-radius:6px;display:block;text-decoration:none\"><b style=\"display:block;color:#fff;font-size:.98rem;margin-bottom:6px;font-weight:600\">Arquitectos \u2013 LALIGA<\/b><span style=\"font-size:.88rem;color:#999;display:block\">Juil. 2026 \u00b7 la conversation longue la plus r\u00e9cente.<\/span><span style=\"color:#D4AF37;font-size:.78rem;display:block;margin-top:10px;text-transform:uppercase;letter-spacing:1px;font-weight:700\">Voir la fiche \u2192<\/span><\/a><a href=\"https:\/\/robert-moreno.es\/fr\/?p=11595\" style=\"background:#1a1a1a;border:1px solid #252525;padding:22px;border-radius:6px;display:block;text-decoration:none\"><b style=\"display:block;color:#fff;font-size:.98rem;margin-bottom:6px;font-weight:600\">Al Arabiya<\/b><span style=\"font-size:.88rem;color:#999;display:block\">Juin 2026 \u00b7 la Coupe du monde, le football asiatique et diriger une s\u00e9lection avec peu de temps.<\/span><span style=\"color:#D4AF37;font-size:.78rem;display:block;margin-top:10px;text-transform:uppercase;letter-spacing:1px;font-weight:700\">Voir la fiche \u2192<\/span><\/a><a href=\"https:\/\/robert-moreno.es\/fr\/?p=11590\" style=\"background:#1a1a1a;border:1px solid #252525;padding:22px;border-radius:6px;display:block;text-decoration:none\"><b style=\"display:block;color:#fff;font-size:.98rem;margin-bottom:6px;font-weight:600\">EremNews<\/b><span style=\"font-size:.88rem;color:#999;display:block\">Mai 2026 \u00b7 le Cl\u00e1sico et le respect du m\u00e9tier, pour le Moyen-Orient.<\/span><span style=\"color:#D4AF37;font-size:.78rem;display:block;margin-top:10px;text-transform:uppercase;letter-spacing:1px;font-weight:700\">Voir la fiche \u2192<\/span><\/a><a href=\"https:\/\/robert-moreno.es\/fr\/?p=11605\" style=\"background:#1a1a1a;border:1px solid #252525;padding:22px;border-radius:6px;display:block;text-decoration:none\"><b style=\"display:block;color:#fff;font-size:.98rem;margin-bottom:6px;font-weight:600\">Diario AS<\/b><span style=\"font-size:.88rem;color:#999;display:block\">Mai 2026 \u00b7 t\u00e9moignage sur Neymar depuis le Bar\u00e7a du tripl\u00e9.<\/span><span style=\"color:#D4AF37;font-size:.78rem;display:block;margin-top:10px;text-transform:uppercase;letter-spacing:1px;font-weight:700\">Voir la fiche \u2192<\/span><\/a><\/div>\n<h2 style=\"font-size:.8rem;font-weight:700;color:#D4AF37;text-transform:uppercase;letter-spacing:2.5px;margin:56px 0 6px;padding-bottom:12px;border-bottom:1px solid #2a2a2a\">Comment le citer<\/h2>\n<p style=\"margin:12px 0 0;color:#b5b5b5\">Premi\u00e8re r\u00e9f\u00e9rence : <strong style=\"color:#fff\">Robert Moreno<\/strong>. Fonction : <strong style=\"color:#fff\">s\u00e9lectionneur de la Cor\u00e9e du Sud<\/strong>. Descripteur court : entra\u00eeneur espagnol titulaire de la licence UEFA Pro, ancien s\u00e9lectionneur de l&rsquo;Espagne.<\/p>\n<p style=\"font-size:.9rem;color:#8a8a8a;margin-top:14px\">Il n&rsquo;est pas exact de lui attribuer des passages au Sevilla FC, au RCD Espanyol ou au Bayern Munich. Ce sont des confusions fr\u00e9quentes qui ne font pas partie de son parcours.<\/p>\n<div style=\"background:linear-gradient(135deg,rgba(212,175,55,.1),rgba(212,175,55,.03));border:1px solid #3a3120;padding:30px;margin-top:36px;border-radius:6px;text-align:center\">\n<p style=\"color:#999;font-size:.72rem;text-transform:uppercase;letter-spacing:2px;margin:0 0 12px\">Contact presse<\/p>\n<p><a href=\"mailto:media@robert-moreno.com\" style=\"color:#D4AF37;font-size:clamp(1rem,3.5vw,1.25rem);font-weight:700;text-decoration:none;letter-spacing:.5px\">media@robert-moreno.com<\/a><\/p>\n<p style=\"font-size:.9rem;color:#8a8a8a;margin-top:14px;margin-top:12px\">Pour du mat\u00e9riel compl\u00e9mentaire, des photographies en haute r\u00e9solution ou des demandes d&rsquo;entretien.<\/p>\n<\/div>\n<\/div>\n<\/div>\n","protected":false},"excerpt":{"rendered":"<p>Kit de presse Mat\u00e9riel libre de droits pour les m\u00e9dias : biographies, donn\u00e9es v\u00e9rifi\u00e9es, apparitions publiques et citations sourc\u00e9es. Sans inscription et sans autorisation pr\u00e9alable. Mis \u00e0 jour le 5 septembre 2026 Biographie Trois longueurs, pr\u00eates \u00e0 copier. Reproductibles sans autorisation ni mention, m\u00eame si un lien est appr\u00e9ci\u00e9. Courte \u00b7 100 mots Robert Moreno [&hellip;]<\/p>\n","protected":false},"author":1,"featured_media":0,"parent":0,"menu_order":0,"comment_status":"closed","ping_status":"closed","template":"","meta":{"footnotes":""},"class_list":["post-11529","page","type-page","status-publish","hentry"],"yoast_head":"<!-- This site is optimized with the Yoast SEO Premium plugin v28.4 (Yoast SEO v28.4) - https:\/\/yoast.com\/product\/yoast-seo-premium-wordpress\/ -->\n<title>Kit de presse | Robert Moreno<\/title>\n<meta name=\"description\" content=\"Biographies, donn\u00e9es v\u00e9rifi\u00e9es, citations sourc\u00e9es et entretiens de r\u00e9f\u00e9rence de Robert Moreno, s\u00e9lectionneur de la Cor\u00e9e du Sud. Libre de droits pour les m\u00e9dias.\" \/>\n<meta name=\"robots\" content=\"index, follow, max-snippet:-1, max-image-preview:large, max-video-preview:-1\" \/>\n<link rel=\"canonical\" href=\"https:\/\/robert-moreno.es\/fr\/kit-de-presse\/\" \/>\n<meta property=\"og:locale\" content=\"fr_FR\" \/>\n<meta property=\"og:type\" content=\"article\" \/>\n<meta property=\"og:title\" content=\"Kit de presse\" \/>\n<meta property=\"og:description\" content=\"Biographies, donn\u00e9es v\u00e9rifi\u00e9es, citations sourc\u00e9es et entretiens de r\u00e9f\u00e9rence de Robert Moreno, s\u00e9lectionneur de la Cor\u00e9e du Sud. Libre de droits pour les m\u00e9dias.\" \/>\n<meta property=\"og:url\" content=\"https:\/\/robert-moreno.es\/fr\/kit-de-presse\/\" \/>\n<meta property=\"og:site_name\" content=\"Robert Moreno - Entrenador de f\u00fatbol\" \/>\n<meta property=\"article:modified_time\" content=\"2026-09-04T19:45:54+00:00\" \/>\n<meta property=\"og:image\" content=\"https:\/\/robert-moreno.es\/wp-content\/uploads\/2026\/09\/robert-moreno-retrato-principal-scaled.jpg\" \/>\n<meta name=\"twitter:card\" content=\"summary_large_image\" \/>\n<meta name=\"twitter:label1\" content=\"Dur\u00e9e de lecture estim\u00e9e\" \/>\n\t<meta name=\"twitter:data1\" content=\"5 minutes\" \/>\n<script type=\"application\/ld+json\" class=\"yoast-schema-graph\">{\"@context\":\"https:\\\/\\\/schema.org\",\"@graph\":[{\"@type\":\"WebPage\",\"@id\":\"https:\\\/\\\/robert-moreno.es\\\/fr\\\/kit-de-presse\\\/\",\"url\":\"https:\\\/\\\/robert-moreno.es\\\/fr\\\/kit-de-presse\\\/\",\"name\":\"Kit de presse | Robert Moreno\",\"isPartOf\":{\"@id\":\"https:\\\/\\\/robert-moreno.es\\\/fr\\\/#website\"},\"primaryImageOfPage\":{\"@id\":\"https:\\\/\\\/robert-moreno.es\\\/fr\\\/kit-de-presse\\\/#primaryimage\"},\"image\":{\"@id\":\"https:\\\/\\\/robert-moreno.es\\\/fr\\\/kit-de-presse\\\/#primaryimage\"},\"thumbnailUrl\":\"https:\\\/\\\/robert-moreno.es\\\/wp-content\\\/uploads\\\/2026\\\/09\\\/robert-moreno-retrato-principal-scaled.jpg\",\"datePublished\":\"2026-09-04T15:34:12+00:00\",\"dateModified\":\"2026-09-04T19:45:54+00:00\",\"description\":\"Biographies, donn\u00e9es v\u00e9rifi\u00e9es, citations sourc\u00e9es et entretiens de r\u00e9f\u00e9rence de Robert Moreno, s\u00e9lectionneur de la Cor\u00e9e du Sud. Libre de droits pour les m\u00e9dias.\",\"breadcrumb\":{\"@id\":\"https:\\\/\\\/robert-moreno.es\\\/fr\\\/kit-de-presse\\\/#breadcrumb\"},\"inLanguage\":\"fr-FR\",\"potentialAction\":[{\"@type\":\"ReadAction\",\"target\":[\"https:\\\/\\\/robert-moreno.es\\\/fr\\\/kit-de-presse\\\/\"]}]},{\"@type\":\"ImageObject\",\"inLanguage\":\"fr-FR\",\"@id\":\"https:\\\/\\\/robert-moreno.es\\\/fr\\\/kit-de-presse\\\/#primaryimage\",\"url\":\"https:\\\/\\\/robert-moreno.es\\\/wp-content\\\/uploads\\\/2026\\\/09\\\/robert-moreno-retrato-principal-scaled.jpg\",\"contentUrl\":\"https:\\\/\\\/robert-moreno.es\\\/wp-content\\\/uploads\\\/2026\\\/09\\\/robert-moreno-retrato-principal-scaled.jpg\"},{\"@type\":\"BreadcrumbList\",\"@id\":\"https:\\\/\\\/robert-moreno.es\\\/fr\\\/kit-de-presse\\\/#breadcrumb\",\"itemListElement\":[{\"@type\":\"ListItem\",\"position\":1,\"name\":\"Portada\",\"item\":\"https:\\\/\\\/robert-moreno.es\\\/fr\\\/accueil\\\/\"},{\"@type\":\"ListItem\",\"position\":2,\"name\":\"Kit de presse\"}]},{\"@type\":\"WebSite\",\"@id\":\"https:\\\/\\\/robert-moreno.es\\\/fr\\\/#website\",\"url\":\"https:\\\/\\\/robert-moreno.es\\\/fr\\\/\",\"name\":\"Robert Moreno - Entrenador de f\u00fatbol\",\"description\":\"Entrenador de f\u00fatbol\",\"publisher\":{\"@id\":\"https:\\\/\\\/robert-moreno.es\\\/fr\\\/#organization\"},\"potentialAction\":[{\"@type\":\"SearchAction\",\"target\":{\"@type\":\"EntryPoint\",\"urlTemplate\":\"https:\\\/\\\/robert-moreno.es\\\/fr\\\/?s={search_term_string}\"},\"query-input\":{\"@type\":\"PropertyValueSpecification\",\"valueRequired\":true,\"valueName\":\"search_term_string\"}}],\"inLanguage\":\"fr-FR\"},{\"@type\":\"ImageObject\",\"inLanguage\":\"fr-FR\",\"@id\":\"https:\\\/\\\/robert-moreno.es\\\/fr\\\/kit-de-presse\\\/#local-main-organization-logo\",\"url\":\"https:\\\/\\\/robert-moreno.es\\\/wp-content\\\/uploads\\\/2026\\\/02\\\/LogoRobertMoreno-e1772804580395.jpg\",\"contentUrl\":\"https:\\\/\\\/robert-moreno.es\\\/wp-content\\\/uploads\\\/2026\\\/02\\\/LogoRobertMoreno-e1772804580395.jpg\",\"width\":800,\"height\":313,\"caption\":\"Robert Moreno - Entrenador de f\u00fatbol\"}]}<\/script>\n<!-- \/ Yoast SEO Premium plugin. -->","yoast_head_json":{"title":"Kit de presse | Robert Moreno","description":"Biographies, donn\u00e9es v\u00e9rifi\u00e9es, citations sourc\u00e9es et entretiens de r\u00e9f\u00e9rence de Robert Moreno, s\u00e9lectionneur de la Cor\u00e9e du Sud. Libre de droits pour les m\u00e9dias.","robots":{"index":"index","follow":"follow","max-snippet":"max-snippet:-1","max-image-preview":"max-image-preview:large","max-video-preview":"max-video-preview:-1"},"canonical":"https:\/\/robert-moreno.es\/fr\/kit-de-presse\/","og_locale":"fr_FR","og_type":"article","og_title":"Kit de presse","og_description":"Biographies, donn\u00e9es v\u00e9rifi\u00e9es, citations sourc\u00e9es et entretiens de r\u00e9f\u00e9rence de Robert Moreno, s\u00e9lectionneur de la Cor\u00e9e du Sud. Libre de droits pour les m\u00e9dias.","og_url":"https:\/\/robert-moreno.es\/fr\/kit-de-presse\/","og_site_name":"Robert Moreno - Entrenador de f\u00fatbol","article_modified_time":"2026-09-04T19:45:54+00:00","og_image":[{"url":"https:\/\/robert-moreno.es\/wp-content\/uploads\/2026\/09\/robert-moreno-retrato-principal-scaled.jpg","type":"","width":"","height":""}],"twitter_card":"summary_large_image","twitter_misc":{"Dur\u00e9e de lecture estim\u00e9e":"5 minutes"},"schema":{"@context":"https:\/\/schema.org","@graph":[{"@type":"WebPage","@id":"https:\/\/robert-moreno.es\/fr\/kit-de-presse\/","url":"https:\/\/robert-moreno.es\/fr\/kit-de-presse\/","name":"Kit de presse | Robert Moreno","isPartOf":{"@id":"https:\/\/robert-moreno.es\/fr\/#website"},"primaryImageOfPage":{"@id":"https:\/\/robert-moreno.es\/fr\/kit-de-presse\/#primaryimage"},"image":{"@id":"https:\/\/robert-moreno.es\/fr\/kit-de-presse\/#primaryimage"},"thumbnailUrl":"https:\/\/robert-moreno.es\/wp-content\/uploads\/2026\/09\/robert-moreno-retrato-principal-scaled.jpg","datePublished":"2026-09-04T15:34:12+00:00","dateModified":"2026-09-04T19:45:54+00:00","description":"Biographies, donn\u00e9es v\u00e9rifi\u00e9es, citations sourc\u00e9es et entretiens de r\u00e9f\u00e9rence de Robert Moreno, s\u00e9lectionneur de la Cor\u00e9e du Sud. Libre de droits pour les m\u00e9dias.","breadcrumb":{"@id":"https:\/\/robert-moreno.es\/fr\/kit-de-presse\/#breadcrumb"},"inLanguage":"fr-FR","potentialAction":[{"@type":"ReadAction","target":["https:\/\/robert-moreno.es\/fr\/kit-de-presse\/"]}]},{"@type":"ImageObject","inLanguage":"fr-FR","@id":"https:\/\/robert-moreno.es\/fr\/kit-de-presse\/#primaryimage","url":"https:\/\/robert-moreno.es\/wp-content\/uploads\/2026\/09\/robert-moreno-retrato-principal-scaled.jpg","contentUrl":"https:\/\/robert-moreno.es\/wp-content\/uploads\/2026\/09\/robert-moreno-retrato-principal-scaled.jpg"},{"@type":"BreadcrumbList","@id":"https:\/\/robert-moreno.es\/fr\/kit-de-presse\/#breadcrumb","itemListElement":[{"@type":"ListItem","position":1,"name":"Portada","item":"https:\/\/robert-moreno.es\/fr\/accueil\/"},{"@type":"ListItem","position":2,"name":"Kit de presse"}]},{"@type":"WebSite","@id":"https:\/\/robert-moreno.es\/fr\/#website","url":"https:\/\/robert-moreno.es\/fr\/","name":"Robert Moreno - Entrenador de f\u00fatbol","description":"Entrenador de f\u00fatbol","publisher":{"@id":"https:\/\/robert-moreno.es\/fr\/#organization"},"potentialAction":[{"@type":"SearchAction","target":{"@type":"EntryPoint","urlTemplate":"https:\/\/robert-moreno.es\/fr\/?s={search_term_string}"},"query-input":{"@type":"PropertyValueSpecification","valueRequired":true,"valueName":"search_term_string"}}],"inLanguage":"fr-FR"},{"@type":"ImageObject","inLanguage":"fr-FR","@id":"https:\/\/robert-moreno.es\/fr\/kit-de-presse\/#local-main-organization-logo","url":"https:\/\/robert-moreno.es\/wp-content\/uploads\/2026\/02\/LogoRobertMoreno-e1772804580395.jpg","contentUrl":"https:\/\/robert-moreno.es\/wp-content\/uploads\/2026\/02\/LogoRobertMoreno-e1772804580395.jpg","width":800,"height":313,"caption":"Robert Moreno - Entrenador de f\u00fatbol"}]}},"_links":{"self":[{"href":"https:\/\/robert-moreno.es\/fr\/wp-json\/wp\/v2\/pages\/11529","targetHints":{"allow":["GET"]}}],"collection":[{"href":"https:\/\/robert-moreno.es\/fr\/wp-json\/wp\/v2\/pages"}],"about":[{"href":"https:\/\/robert-moreno.es\/fr\/wp-json\/wp\/v2\/types\/page"}],"author":[{"embeddable":true,"href":"https:\/\/robert-moreno.es\/fr\/wp-json\/wp\/v2\/users\/1"}],"replies":[{"embeddable":true,"href":"https:\/\/robert-moreno.es\/fr\/wp-json\/wp\/v2\/comments?post=11529"}],"version-history":[{"count":6,"href":"https:\/\/robert-moreno.es\/fr\/wp-json\/wp\/v2\/pages\/11529\/revisions"}],"predecessor-version":[{"id":11833,"href":"https:\/\/robert-moreno.es\/fr\/wp-json\/wp\/v2\/pages\/11529\/revisions\/11833"}],"wp:attachment":[{"href":"https:\/\/robert-moreno.es\/fr\/wp-json\/wp\/v2\/media?parent=11529"}],"curies":[{"name":"wp","href":"https:\/\/api.w.org\/{rel}","templated":true}]}}