{"id":10164,"date":"2026-02-26T17:36:18","date_gmt":"2026-02-26T16:36:18","guid":{"rendered":"https:\/\/robert-moreno.es\/parcours-professionnel\/"},"modified":"2026-03-10T11:53:16","modified_gmt":"2026-03-10T10:53:16","slug":"parcours-professionnel","status":"publish","type":"page","link":"https:\/\/robert-moreno.es\/fr\/parcours-professionnel\/","title":{"rendered":"Parcours professionnel"},"content":{"rendered":"\t\t<div data-elementor-type=\"wp-page\" data-elementor-id=\"10164\" class=\"elementor elementor-10164 elementor-78\" data-elementor-post-type=\"page\">\n\t\t\t\t<div class=\"elementor-element elementor-element-5569f2e6 e-flex e-con-boxed e-con e-parent\" data-id=\"5569f2e6\" data-element_type=\"container\" data-e-type=\"container\">\n\t\t\t\t\t<div class=\"e-con-inner\">\n\t\t\t\t<div class=\"elementor-element elementor-element-3046f81e elementor-widget elementor-widget-text-editor\" data-id=\"3046f81e\" data-element_type=\"widget\" data-e-type=\"widget\" data-widget_type=\"text-editor.default\">\n\t\t\t\t\t\t\t\t\t<div style=\"background: #111; min-height: 100vh; padding: 80px 0 0; font-family: Montserrat,sans-serif;\">\n<div style=\"padding: 40px 60px; max-width: 1200px; margin: 0 auto;\">\n<div style=\"font-size: 0.8rem; color: #666; text-transform: uppercase; letter-spacing: 1.5px; margin-bottom: 40px;\"><a style=\"color: #666; text-decoration: none;\" href=\"\/\">Accueil<\/a> \u203a Parcours<\/div>\n<h1 style=\"font-size: 3rem; font-weight: bold; color: #fff; text-transform: uppercase; letter-spacing: 2px; margin-bottom: 16px;\">Parcours<\/h1>\n<p style=\"font-size: 1rem; color: #999; line-height: 1.7;\">Plus de 20 ans d\u00e9di\u00e9s au football professionnel. D\u2019analyste vid\u00e9o au FC Barcelone B \u00e0 s\u00e9lectionneur de l\u2019Espagne. <\/p>\n\n<\/div>\n\n<div style=\"padding: 20px 60px 40px; max-width: 1200px; margin: 0 auto;\">\n<h2 style=\"font-size: 1.1rem; font-weight: bold; color: #fff; text-transform: uppercase; letter-spacing: 2px; margin-bottom: 30px;\">Palmar\u00e8s<\/h2>\n<div style=\"display: grid; grid-template-columns: repeat(3,1fr); gap: 16px; margin-bottom: 16px;\">\n<div style=\"background: #1c1c1c; border: 1px solid #2a2a2a; border-radius: 8px; padding: 20px; text-align: center;\">\n\n<img decoding=\"async\" style=\"height: 50px; margin-bottom: 10px;\" src=\"https:\/\/robert-moreno.es\/wp-content\/uploads\/2026\/02\/trofeo-champions-league.webp\" alt=\"Champions League\">\n<div style=\"font-size: 0.75rem; color: #fff; font-weight: 600;\">Champions League<\/div>\n<div style=\"font-size: 0.65rem; color: #666; margin-top: 4px;\">FC Barcelone 2015<\/div>\n<\/div>\n<div style=\"background: #1c1c1c; border: 1px solid #2a2a2a; border-radius: 8px; padding: 20px; text-align: center;\">\n\n<img decoding=\"async\" style=\"height: 50px; margin-bottom: 10px;\" src=\"https:\/\/robert-moreno.es\/wp-content\/uploads\/2026\/02\/trofeo-laliga-1.webp\" alt=\"LaLiga\">\n<div style=\"font-size: 0.75rem; color: #fff; font-weight: 600;\">2x LaLiga<\/div>\n<div style=\"font-size: 0.65rem; color: #666; margin-top: 4px;\">FC Barcelone 2015, 2016<\/div>\n<\/div>\n<div style=\"background: #1c1c1c; border: 1px solid #2a2a2a; border-radius: 8px; padding: 20px; text-align: center;\">\n\n<img decoding=\"async\" style=\"height: 50px; margin-bottom: 10px;\" src=\"https:\/\/robert-moreno.es\/wp-content\/uploads\/2026\/02\/trofeo-copa-del-rey.webp\" alt=\"Copa del Rey\">\n<div style=\"font-size: 0.75rem; color: #fff; font-weight: 600;\">3x Copa del Rey<\/div>\n<div style=\"font-size: 0.65rem; color: #666; margin-top: 4px;\">FC Barcelone 2015, 2016, 2017<\/div>\n<\/div>\n<\/div>\n<div style=\"display: grid; grid-template-columns: repeat(3,1fr); gap: 16px; margin-bottom: 16px;\">\n<div style=\"background: #1c1c1c; border: 1px solid #2a2a2a; border-radius: 8px; padding: 20px; text-align: center;\">\n\n<img decoding=\"async\" style=\"height: 50px; margin-bottom: 10px;\" src=\"https:\/\/robert-moreno.es\/wp-content\/uploads\/2026\/02\/trofeo-supercopa-europa-1.webp\" alt=\"Supercoupe de l\u2019UEFA\">\n<div style=\"font-size: 0.75rem; color: #fff; font-weight: 600;\">Supercoupe de l\u2019UEFA<\/div>\n<div style=\"font-size: 0.65rem; color: #666; margin-top: 4px;\">FC Barcelone 2015<\/div>\n<\/div>\n<div style=\"background: #1c1c1c; border: 1px solid #2a2a2a; border-radius: 8px; padding: 20px; text-align: center;\">\n\n<img decoding=\"async\" style=\"height: 50px; margin-bottom: 10px; mix-blend-mode: screen; filter: invert(1) grayscale(1) brightness(2);\" src=\"https:\/\/robert-moreno.es\/wp-content\/uploads\/2026\/02\/trofeo-mundial-clubes-1.webp\" alt=\"Coupe du monde des clubs\">\n<div style=\"font-size: 0.75rem; color: #fff; font-weight: 600;\">Coupe du monde des clubs<\/div>\n<div style=\"font-size: 0.65rem; color: #666; margin-top: 4px;\">FC Barcelone 2015<\/div>\n<\/div>\n<div style=\"background: #1c1c1c; border: 1px solid #2a2a2a; border-radius: 8px; padding: 20px; text-align: center;\">\n\n<img decoding=\"async\" style=\"height: 50px; margin-bottom: 10px;\" src=\"https:\/\/robert-moreno.es\/wp-content\/uploads\/2026\/02\/trofeo-supercopa-espana.webp\" alt=\"Supercoupe d\u2019Espagne\">\n<div style=\"font-size: 0.75rem; color: #fff; font-weight: 600;\">Supercoupe d\u2019Espagne<\/div>\n<div style=\"font-size: 0.65rem; color: #666; margin-top: 4px;\">FC Barcelone 2016<\/div>\n<\/div>\n<\/div>\n<div style=\"display: grid; grid-template-columns: repeat(3,1fr); gap: 16px; margin-bottom: 16px;\">\n<div style=\"background: #1c1c1c; border: 1px solid #2a2a2a; border-radius: 8px; padding: 20px; text-align: center;\">\n\n<img decoding=\"async\" style=\"height: 50px; margin-bottom: 10px;\" src=\"https:\/\/robert-moreno.es\/wp-content\/uploads\/2026\/02\/logo-rfef.png\" alt=\"S\u00e9lection d\u2019Espagne\">\n<div style=\"font-size: 0.75rem; color: #fff; font-weight: 600;\">Qualification Euro 2020<\/div>\n<div style=\"font-size: 0.65rem; color: #666; margin-top: 4px;\">Espagne \u2014 Invaincu 7V 2N<\/div>\n<\/div>\n<div style=\"background: #1c1c1c; border: 1px solid #2a2a2a; border-radius: 8px; padding: 20px; text-align: center;\">\n\n<img decoding=\"async\" style=\"height: 50px; margin-bottom: 10px;\" src=\"https:\/\/robert-moreno.es\/wp-content\/uploads\/2026\/02\/logo-rpl.png\" alt=\"RPL\">\n<div style=\"font-size: 0.75rem; color: #fff; font-weight: 600;\">Promotion en RPL<\/div>\n<div style=\"font-size: 0.65rem; color: #666; margin-top: 4px;\">PFC Sochi 2025<\/div>\n<\/div>\n<div style=\"background: transparent; padding: 20px;\"><\/div>\n<\/div>\n<div style=\"min-height: 250px; margin: 20px 0 40px;\"><\/div>\n<div style=\"padding: 0 60px 40px; max-width: 1200px; margin: 0 auto;\">\n<h2 style=\"font-size: 1.1rem; font-weight: bold; color: #fff; text-transform: uppercase; letter-spacing: 2px; margin: 0 0 40px;\">En tant qu\u2019entra\u00eeneur principal<\/h2>\n<div style=\"border-left: 2px solid #2a2a2a; padding-left: 40px; margin-left: 20px;\">\n<div style=\"position: relative; margin-bottom: 50px;\">\n<div style=\"position: absolute; left: -49px; top: 0; width: 16px; height: 16px; background: #007bff; border-radius: 50%; border: 3px solid #111;\"><\/div>\n<div style=\"font-size: 0.7rem; color: #007bff; text-transform: uppercase; letter-spacing: 2px; margin-bottom: 8px;\">2024 \u2013 2025<\/div>\n<div style=\"align-items: center; margin-bottom: 4px;\">\n\n<img decoding=\"async\" style=\"height: 40px; opacity: 0.8; margin-right: 16px; vertical-align: middle;\" src=\"https:\/\/robert-moreno.es\/wp-content\/uploads\/2026\/02\/Logo-PFC-Sochi.webp\" alt=\"Sotchi\">\n<h3 style=\"font-size: 1.1rem; font-weight: bold; color: #fff; margin: 0;\">PFC Sochi<\/h3>\n<\/div>\n<div style=\"font-size: 0.75rem; color: #666; margin-bottom: 12px;\">Premier League russe<\/div>\n<p style=\"font-size: 0.9rem; color: #999; line-height: 1.7;\">A reconstruit une \u00e9quipe en crise, a renouvel\u00e9 l\u2019effectif apr\u00e8s la rel\u00e9gation et a men\u00e9 la mont\u00e9e en RPL en 2024-2025.<\/p>\n\n<\/div>\n<div style=\"position: relative; margin-bottom: 50px;\">\n<div style=\"position: absolute; left: -49px; top: 0; width: 16px; height: 16px; background: #007bff; border-radius: 50%; border: 3px solid #111;\"><\/div>\n<div style=\"font-size: 0.7rem; color: #007bff; text-transform: uppercase; letter-spacing: 2px; margin-bottom: 8px;\">2021 \u2013 2022<\/div>\n<div style=\"align-items: center; margin-bottom: 4px;\">\n\n<img decoding=\"async\" style=\"height: 40px; opacity: 0.8; margin-right: 16px; vertical-align: middle;\" src=\"https:\/\/robert-moreno.es\/wp-content\/uploads\/2026\/02\/Logo-Granada-CF.webp\" alt=\"Grenade\">\n<h3 style=\"font-size: 1.1rem; font-weight: bold; color: #fff; margin: 0;\">Granada CF<\/h3>\n<\/div>\n<div style=\"font-size: 0.75rem; color: #666; margin-bottom: 12px;\">LaLiga Santander<\/div>\n<p style=\"font-size: 0.9rem; color: #999; line-height: 1.7;\">Gestion dans un environnement de haute exigence. Victoires face \u00e0 des rivaux de niveau Champions League. <\/p>\n\n<\/div>\n<div style=\"position: relative; margin-bottom: 50px;\">\n<div style=\"position: absolute; left: -49px; top: 0; width: 16px; height: 16px; background: #007bff; border-radius: 50%; border: 3px solid #111;\"><\/div>\n<div style=\"font-size: 0.7rem; color: #007bff; text-transform: uppercase; letter-spacing: 2px; margin-bottom: 8px;\">2019 \u2013 2020<\/div>\n<div style=\"align-items: center; margin-bottom: 4px;\">\n\n<img decoding=\"async\" style=\"height: 40px; opacity: 0.8; margin-right: 16px; vertical-align: middle;\" src=\"https:\/\/robert-moreno.es\/wp-content\/uploads\/2026\/02\/Logo-AS-Monaco.webp\" alt=\"Monaco\">\n<h3 style=\"font-size: 1.1rem; font-weight: bold; color: #fff; margin: 0;\">AS Monaco<\/h3>\n<\/div>\n<div style=\"font-size: 0.75rem; color: #666; margin-bottom: 12px;\">Ligue 1<\/div>\n<p style=\"font-size: 0.9rem; color: #999; line-height: 1.7;\">D\u00e9buts internationaux. Gestion d\u2019un effectif jeune \u00e0 haute valeur, valorisant des actifs tels que Tchouam\u00e9ni et Fofana. <\/p>\n\n<\/div>\n<div style=\"position: relative; margin-bottom: 50px;\">\n<div style=\"position: absolute; left: -49px; top: 0; width: 16px; height: 16px; background: #007bff; border-radius: 50%; border: 3px solid #111;\"><\/div>\n<div style=\"font-size: 0.7rem; color: #007bff; text-transform: uppercase; letter-spacing: 2px; margin-bottom: 8px;\">2019<\/div>\n<div style=\"align-items: center; margin-bottom: 4px;\">\n\n<img decoding=\"async\" style=\"height: 40px; opacity: 0.8; margin-right: 16px; vertical-align: middle;\" src=\"https:\/\/robert-moreno.es\/wp-content\/uploads\/2026\/02\/Logo-Espana.png\" alt=\"Espagne\">\n<h3 style=\"font-size: 1.1rem; font-weight: bold; color: #fff; margin: 0;\">S\u00e9lection espagnole<\/h3>\n<\/div>\n<div style=\"font-size: 0.75rem; color: #666; margin-bottom: 12px;\">S\u00e9lectionneur national<\/div>\n<p style=\"font-size: 0.9rem; color: #999; line-height: 1.7;\">9 matchs : 7 victoires, 2 nuls, 0 d\u00e9faite. A qualifi\u00e9 l\u2019Espagne pour l\u2019Euro 2020 en restant invaincu. <\/p>\n\n<\/div>\n<\/div>\n<div style=\"min-height: 200px; margin: 30px 0; border-radius: 8px;\"><\/div>\n<h2 style=\"font-size: 1.1rem; font-weight: bold; color: #fff; text-transform: uppercase; letter-spacing: 2px; margin: 40px 0;\">En tant qu\u2019entra\u00eeneur adjoint \/ Analyste<\/h2>\n<div style=\"border-left: 2px solid #2a2a2a; padding-left: 40px; margin-left: 20px;\">\n<div style=\"position: relative; margin-bottom: 50px;\">\n<div style=\"position: absolute; left: -49px; top: 0; width: 16px; height: 16px; background: #555; border-radius: 50%; border: 3px solid #111;\"><\/div>\n<div style=\"font-size: 0.7rem; color: #555; text-transform: uppercase; letter-spacing: 2px; margin-bottom: 8px;\">2018 \u2013 2019<\/div>\n<div style=\"align-items: center; margin-bottom: 4px;\">\n\n<img decoding=\"async\" style=\"height: 40px; opacity: 0.8; margin-right: 16px; vertical-align: middle;\" src=\"https:\/\/robert-moreno.es\/wp-content\/uploads\/2026\/02\/Logo-Espana.png\" alt=\"Espagne\">\n<h3 style=\"font-size: 1.1rem; font-weight: bold; color: #fff; margin: 0;\">S\u00e9lection espagnole<\/h3>\n<\/div>\n<div style=\"font-size: 0.75rem; color: #666; margin-bottom: 12px;\">Entra\u00eeneur adjoint | Luis Enrique<\/div>\n<p style=\"font-size: 0.9rem; color: #999; line-height: 1.7;\">Assistant du s\u00e9lectionneur lors de l\u2019UEFA Nations League.<\/p>\n\n<\/div>\n<div style=\"position: relative; margin-bottom: 50px;\">\n<div style=\"position: absolute; left: -49px; top: 0; width: 16px; height: 16px; background: #555; border-radius: 50%; border: 3px solid #111;\"><\/div>\n<div style=\"font-size: 0.7rem; color: #555; text-transform: uppercase; letter-spacing: 2px; margin-bottom: 8px;\">2017 \u2013 2018<\/div>\n<div style=\"align-items: center; margin-bottom: 4px;\">\n\n<img decoding=\"async\" style=\"height: 40px; opacity: 0.8; margin-right: 16px; vertical-align: middle;\" src=\"https:\/\/robert-moreno.es\/wp-content\/uploads\/2026\/02\/Logo-Celta-Vigo.webp\" alt=\"Celta\">\n<h3 style=\"font-size: 1.1rem; font-weight: bold; color: #fff; margin: 0;\">Celta de Vigo<\/h3>\n<\/div>\n<div style=\"font-size: 0.75rem; color: #666; margin-bottom: 12px;\">Entra\u00eeneur adjoint | Juan Carlos Unzu\u00e9<\/div>\n<p style=\"font-size: 0.9rem; color: #999; line-height: 1.7;\">Assistant technique en LaLiga Santander.<\/p>\n\n<\/div>\n<div style=\"position: relative; margin-bottom: 50px;\">\n<div style=\"position: absolute; left: -49px; top: 0; width: 16px; height: 16px; background: #555; border-radius: 50%; border: 3px solid #111;\"><\/div>\n<div style=\"font-size: 0.7rem; color: #555; text-transform: uppercase; letter-spacing: 2px; margin-bottom: 8px;\">2014 \u2013 2017<\/div>\n<div style=\"align-items: center; margin-bottom: 4px;\">\n\n<img decoding=\"async\" style=\"height: 40px; opacity: 0.8; margin-right: 16px; vertical-align: middle;\" src=\"https:\/\/robert-moreno.es\/wp-content\/uploads\/2026\/02\/Logo-FC-Barcelona.webp\" alt=\"Bar\u00e7a\">\n<h3 style=\"font-size: 1.1rem; font-weight: bold; color: #fff; margin: 0;\">FC Barcelone<\/h3>\n<\/div>\n<div style=\"font-size: 0.75rem; color: #666; margin-bottom: 12px;\">Entra\u00eeneur adjoint | Luis Enrique<\/div>\n<p style=\"font-size: 0.9rem; color: #999; line-height: 1.7;\">Architecte tactique du Tripl\u00e9 (2015). 2 Ligues, 3 Coupes, Champions League, Supercoupe de l\u2019UEFA et Coupe du monde des clubs. <\/p>\n\n<\/div>\n<div style=\"position: relative; margin-bottom: 50px;\">\n<div style=\"position: absolute; left: -49px; top: 0; width: 16px; height: 16px; background: #555; border-radius: 50%; border: 3px solid #111;\"><\/div>\n<div style=\"font-size: 0.7rem; color: #555; text-transform: uppercase; letter-spacing: 2px; margin-bottom: 8px;\">2013 \u2013 2014<\/div>\n<div style=\"align-items: center; margin-bottom: 4px;\">\n\n<img decoding=\"async\" style=\"height: 40px; opacity: 0.8; margin-right: 16px; vertical-align: middle;\" src=\"https:\/\/robert-moreno.es\/wp-content\/uploads\/2026\/02\/Logo-Celta-Vigo.webp\" alt=\"Celta\">\n<h3 style=\"font-size: 1.1rem; font-weight: bold; color: #fff; margin: 0;\">Celta de Vigo<\/h3>\n<\/div>\n<div style=\"font-size: 0.75rem; color: #666; margin-bottom: 12px;\">Assistant technique | Luis Enrique<\/div>\n<p style=\"font-size: 0.9rem; color: #999; line-height: 1.7;\">Premi\u00e8re saison en tant qu\u2019assistant principal en LaLiga.<\/p>\n\n<\/div>\n<div style=\"position: relative; margin-bottom: 50px;\">\n<div style=\"position: absolute; left: -49px; top: 0; width: 16px; height: 16px; background: #555; border-radius: 50%; border: 3px solid #111;\"><\/div>\n<div style=\"font-size: 0.7rem; color: #555; text-transform: uppercase; letter-spacing: 2px; margin-bottom: 8px;\">2011 \u2013 2012<\/div>\n<div style=\"align-items: center; margin-bottom: 4px;\">\n\n<img decoding=\"async\" style=\"height: 35px; margin-bottom: 8px; margin-left: auto; margin-right: auto;\" src=\"https:\/\/robert-moreno.es\/wp-content\/uploads\/2026\/02\/logo-as-roma-gris.webp\" alt=\"AS Roma\">\n<h3 style=\"font-size: 1.1rem; font-weight: bold; color: #fff; margin: 0;\">AS Roma<\/h3>\n<\/div>\n<div style=\"font-size: 0.75rem; color: #666; margin-bottom: 12px;\">Analyste tactique | Luis Enrique<\/div>\n<p style=\"font-size: 0.9rem; color: #999; line-height: 1.7;\">D\u00e9buts en Serie A italienne en tant que sp\u00e9cialiste de l\u2019analyse vid\u00e9o.<\/p>\n\n<\/div>\n<div style=\"position: relative; margin-bottom: 50px;\">\n<div style=\"position: absolute; left: -49px; top: 0; width: 16px; height: 16px; background: #555; border-radius: 50%; border: 3px solid #111;\"><\/div>\n<div style=\"font-size: 0.7rem; color: #555; text-transform: uppercase; letter-spacing: 2px; margin-bottom: 8px;\">2010 \u2013 2011<\/div>\n<div style=\"align-items: center; margin-bottom: 4px;\">\n\n<img decoding=\"async\" style=\"height: 40px; opacity: 0.8; margin-right: 16px; vertical-align: middle;\" src=\"https:\/\/robert-moreno.es\/wp-content\/uploads\/2026\/02\/Logo-FC-Barcelona.webp\" alt=\"Bar\u00e7a B\">\n<h3 style=\"font-size: 1.1rem; font-weight: bold; color: #fff; margin: 0;\">FC Barcelone B<\/h3>\n<\/div>\n<div style=\"font-size: 0.75rem; color: #666; margin-bottom: 12px;\">Analyste vid\u00e9o<\/div>\n<p style=\"font-size: 0.9rem; color: #999; line-height: 1.7;\">Premier pas dans le football professionnel. Analyse tactique pour la r\u00e9serve du FC Barcelone. <\/p>\n\n<\/div>\n<\/div>\n<\/div>\n<div style=\"padding: 60px 40px; text-align: center; border-top: 1px solid #2a2a2a; max-width: 1200px; margin: 40px auto 0;\"><a style=\"padding: 14px 40px; background: #007bff; color: #fff; text-decoration: none; text-transform: uppercase; font-size: 0.8rem; letter-spacing: 2px; font-weight: 600; border-radius: 4px;\" href=\"https:\/\/robert-moreno.es\/fr\/contact\/\">Contact<\/a><\/div>\n<\/div>\t\t\t\t\t\t\t\t<\/div>\n\t\t\t\t\t<\/div>\n\t\t\t\t<\/div>\n\t\t\t\t<\/div>\n\t\t","protected":false},"excerpt":{"rendered":"<p>Accueil \u203a Parcours Parcours Plus de 20 ans d\u00e9di\u00e9s au football professionnel. D\u2019analyste vid\u00e9o au FC Barcelone B \u00e0 s\u00e9lectionneur de l\u2019Espagne. Palmar\u00e8s Champions League FC Barcelone 2015 2x LaLiga FC Barcelone 2015, 2016 3x Copa del Rey FC Barcelone 2015, 2016, 2017 Supercoupe de l\u2019UEFA FC Barcelone 2015 Coupe du monde des clubs FC [&hellip;]<\/p>\n","protected":false},"author":1,"featured_media":0,"parent":0,"menu_order":0,"comment_status":"closed","ping_status":"closed","template":"elementor_header_footer","meta":{"_angie_page":false,"footnotes":""},"class_list":["post-10164","page","type-page","status-publish","hentry"],"_links":{"self":[{"href":"https:\/\/robert-moreno.es\/fr\/wp-json\/wp\/v2\/pages\/10164","targetHints":{"allow":["GET"]}}],"collection":[{"href":"https:\/\/robert-moreno.es\/fr\/wp-json\/wp\/v2\/pages"}],"about":[{"href":"https:\/\/robert-moreno.es\/fr\/wp-json\/wp\/v2\/types\/page"}],"author":[{"embeddable":true,"href":"https:\/\/robert-moreno.es\/fr\/wp-json\/wp\/v2\/users\/1"}],"replies":[{"embeddable":true,"href":"https:\/\/robert-moreno.es\/fr\/wp-json\/wp\/v2\/comments?post=10164"}],"version-history":[{"count":1,"href":"https:\/\/robert-moreno.es\/fr\/wp-json\/wp\/v2\/pages\/10164\/revisions"}],"predecessor-version":[{"id":10165,"href":"https:\/\/robert-moreno.es\/fr\/wp-json\/wp\/v2\/pages\/10164\/revisions\/10165"}],"wp:attachment":[{"href":"https:\/\/robert-moreno.es\/fr\/wp-json\/wp\/v2\/media?parent=10164"}],"curies":[{"name":"wp","href":"https:\/\/api.w.org\/{rel}","templated":true}]}}