{"id":10169,"date":"2026-02-26T17:36:18","date_gmt":"2026-02-26T16:36:18","guid":{"rendered":"https:\/\/robert-moreno.es\/trajectoria\/"},"modified":"2026-03-07T10:29:12","modified_gmt":"2026-03-07T09:29:12","slug":"trajectoria","status":"publish","type":"page","link":"https:\/\/robert-moreno.es\/ca\/trajectoria\/","title":{"rendered":"Traject\u00f2ria"},"content":{"rendered":"\t\t<div data-elementor-type=\"wp-page\" data-elementor-id=\"10169\" class=\"elementor elementor-10169 elementor-78\" data-elementor-post-type=\"page\">\n\t\t\t\t<div class=\"elementor-element elementor-element-5569f2e6 e-flex e-con-boxed e-con e-parent\" data-id=\"5569f2e6\" data-element_type=\"container\" data-e-type=\"container\">\n\t\t\t\t\t<div class=\"e-con-inner\">\n\t\t\t\t<div class=\"elementor-element elementor-element-3046f81e elementor-widget elementor-widget-text-editor\" data-id=\"3046f81e\" data-element_type=\"widget\" data-e-type=\"widget\" data-widget_type=\"text-editor.default\">\n\t\t\t\t\t\t\t\t\t<div style=\"background: #111; min-height: 100vh; padding: 80px 0 0; font-family: Montserrat,sans-serif;\">\n<div style=\"padding: 40px 60px; max-width: 1200px; margin: 0 auto;\">\n<div style=\"font-size: 0.8rem; color: #666; text-transform: uppercase; letter-spacing: 1.5px; margin-bottom: 40px;\"><a style=\"color: #666; text-decoration: none;\" href=\"\/\">Portada<\/a> \u203a Traject\u00f2ria<\/div>\n<h1 style=\"font-size: 3rem; font-weight: bold; color: #fff; text-transform: uppercase; letter-spacing: 2px; margin-bottom: 16px;\">Traject\u00f2ria<\/h1>\n<p style=\"font-size: 1rem; color: #999; line-height: 1.7;\">M\u00e9s de 20 anys dedicats al futbol professional. D\u2019analista de v\u00eddeo al FC Barcelona B a seleccionador d\u2019Espanya. <\/p>\n\n<\/div>\n\n<div style=\"padding: 20px 60px 40px; max-width: 1200px; margin: 0 auto;\">\n<h2 style=\"font-size: 1.1rem; font-weight: bold; color: #fff; text-transform: uppercase; letter-spacing: 2px; margin-bottom: 30px;\">Palmar\u00e8s<\/h2>\n<div style=\"display: grid; grid-template-columns: repeat(3,1fr); gap: 16px; margin-bottom: 16px;\">\n<div style=\"background: #1c1c1c; border: 1px solid #2a2a2a; border-radius: 8px; padding: 20px; text-align: center;\">\n\n<img decoding=\"async\" style=\"height: 50px; margin-bottom: 10px;\" src=\"https:\/\/robert-moreno.es\/wp-content\/uploads\/2026\/02\/trofeo-champions-league.webp\" alt=\"Champions League\">\n<div style=\"font-size: 0.75rem; color: #fff; font-weight: 600;\">Champions League<\/div>\n<div style=\"font-size: 0.65rem; color: #666; margin-top: 4px;\">FC Barcelona 2015<\/div>\n<\/div>\n<div style=\"background: #1c1c1c; border: 1px solid #2a2a2a; border-radius: 8px; padding: 20px; text-align: center;\">\n\n<img decoding=\"async\" style=\"height: 50px; margin-bottom: 10px;\" src=\"https:\/\/robert-moreno.es\/wp-content\/uploads\/2026\/02\/trofeo-laliga-1.webp\" alt=\"LaLiga\">\n<div style=\"font-size: 0.75rem; color: #fff; font-weight: 600;\">2x LaLiga<\/div>\n<div style=\"font-size: 0.65rem; color: #666; margin-top: 4px;\">FC Barcelona 2015, 2016<\/div>\n<\/div>\n<div style=\"background: #1c1c1c; border: 1px solid #2a2a2a; border-radius: 8px; padding: 20px; text-align: center;\">\n\n<img decoding=\"async\" style=\"height: 50px; margin-bottom: 10px;\" src=\"https:\/\/robert-moreno.es\/wp-content\/uploads\/2026\/02\/trofeo-copa-del-rey.webp\" alt=\"Copa del Rei\">\n<div style=\"font-size: 0.75rem; color: #fff; font-weight: 600;\">3x Copa del Rei<\/div>\n<div style=\"font-size: 0.65rem; color: #666; margin-top: 4px;\">FC Barcelona 2015, 2016, 2017<\/div>\n<\/div>\n<\/div>\n<div style=\"display: grid; grid-template-columns: repeat(3,1fr); gap: 16px; margin-bottom: 16px;\">\n<div style=\"background: #1c1c1c; border: 1px solid #2a2a2a; border-radius: 8px; padding: 20px; text-align: center;\">\n\n<img decoding=\"async\" style=\"height: 50px; margin-bottom: 10px;\" src=\"https:\/\/robert-moreno.es\/wp-content\/uploads\/2026\/02\/trofeo-supercopa-europa-1.webp\" alt=\"Supercopa d\u2019Europa\">\n<div style=\"font-size: 0.75rem; color: #fff; font-weight: 600;\">Supercopa d\u2019Europa<\/div>\n<div style=\"font-size: 0.65rem; color: #666; margin-top: 4px;\">FC Barcelona 2015<\/div>\n<\/div>\n<div style=\"background: #1c1c1c; border: 1px solid #2a2a2a; border-radius: 8px; padding: 20px; text-align: center;\">\n\n<img decoding=\"async\" style=\"height: 50px; margin-bottom: 10px; mix-blend-mode: screen; filter: invert(1) grayscale(1) brightness(2);\" src=\"https:\/\/robert-moreno.es\/wp-content\/uploads\/2026\/02\/trofeo-mundial-clubes-1.webp\" alt=\"Mundial de Clubs\">\n<div style=\"font-size: 0.75rem; color: #fff; font-weight: 600;\">Mundial de Clubs<\/div>\n<div style=\"font-size: 0.65rem; color: #666; margin-top: 4px;\">FC Barcelona 2015<\/div>\n<\/div>\n<div style=\"background: #1c1c1c; border: 1px solid #2a2a2a; border-radius: 8px; padding: 20px; text-align: center;\">\n\n<img decoding=\"async\" style=\"height: 50px; margin-bottom: 10px;\" src=\"https:\/\/robert-moreno.es\/wp-content\/uploads\/2026\/02\/trofeo-supercopa-espana.webp\" alt=\"Supercopa d\u2019Espanya\">\n<div style=\"font-size: 0.75rem; color: #fff; font-weight: 600;\">Supercopa d\u2019Espanya<\/div>\n<div style=\"font-size: 0.65rem; color: #666; margin-top: 4px;\">FC Barcelona 2016<\/div>\n<\/div>\n<\/div>\n<div style=\"display: grid; grid-template-columns: repeat(3,1fr); gap: 16px; margin-bottom: 16px;\">\n<div style=\"background: #1c1c1c; border: 1px solid #2a2a2a; border-radius: 8px; padding: 20px; text-align: center;\">\n\n<img decoding=\"async\" style=\"height: 50px; margin-bottom: 10px;\" src=\"https:\/\/robert-moreno.es\/wp-content\/uploads\/2026\/02\/logo-rfef.png\" alt=\"Selecci\u00f3 d\u2019Espanya\">\n<div style=\"font-size: 0.75rem; color: #fff; font-weight: 600;\">Classificaci\u00f3 Euro 2020<\/div>\n<div style=\"font-size: 0.65rem; color: #666; margin-top: 4px;\">Espanya \u2014 Invicta 7V 2E<\/div>\n<\/div>\n<div style=\"background: #1c1c1c; border: 1px solid #2a2a2a; border-radius: 8px; padding: 20px; text-align: center;\">\n\n<img decoding=\"async\" style=\"height: 50px; margin-bottom: 10px;\" src=\"https:\/\/robert-moreno.es\/wp-content\/uploads\/2026\/02\/logo-rpl.png\" alt=\"RPL\">\n<div style=\"font-size: 0.75rem; color: #fff; font-weight: 600;\">Ascens a la RPL<\/div>\n<div style=\"font-size: 0.65rem; color: #666; margin-top: 4px;\">PFC Sochi 2025<\/div>\n<\/div>\n<div style=\"background: transparent; padding: 20px;\"><\/div>\n<\/div>\n<div style=\"min-height: 250px; margin: 20px 0 40px;\"><\/div>\n<div style=\"padding: 0 60px 40px; max-width: 1200px; margin: 0 auto;\">\n<h2 style=\"font-size: 1.1rem; font-weight: bold; color: #fff; text-transform: uppercase; letter-spacing: 2px; margin: 0 0 40px;\">Com a primer entrenador<\/h2>\n<div style=\"border-left: 2px solid #2a2a2a; padding-left: 40px; margin-left: 20px;\">\n<div style=\"position: relative; margin-bottom: 50px;\">\n<div style=\"position: absolute; left: -49px; top: 0; width: 16px; height: 16px; background: #007bff; border-radius: 50%; border: 3px solid #111;\"><\/div>\n<div style=\"font-size: 0.7rem; color: #007bff; text-transform: uppercase; letter-spacing: 2px; margin-bottom: 8px;\">2024 \u2013 2025<\/div>\n<div style=\"align-items: center; margin-bottom: 4px;\">\n\n<img decoding=\"async\" style=\"height: 40px; opacity: 0.8; margin-right: 16px; vertical-align: middle;\" src=\"https:\/\/robert-moreno.es\/wp-content\/uploads\/2026\/02\/Logo-PFC-Sochi.webp\" alt=\"Sochi\">\n<h3 style=\"font-size: 1.1rem; font-weight: bold; color: #fff; margin: 0;\">PFC Sochi<\/h3>\n<\/div>\n<div style=\"font-size: 0.75rem; color: #666; margin-bottom: 12px;\">Premier League Russa<\/div>\n<p style=\"font-size: 0.9rem; color: #999; line-height: 1.7;\">Va reconstruir un equip en crisi, el va renovar despr\u00e9s del descens i va liderar l\u2019ascens a la RPL el 2024-2025.<\/p>\n\n<\/div>\n<div style=\"position: relative; margin-bottom: 50px;\">\n<div style=\"position: absolute; left: -49px; top: 0; width: 16px; height: 16px; background: #007bff; border-radius: 50%; border: 3px solid #111;\"><\/div>\n<div style=\"font-size: 0.7rem; color: #007bff; text-transform: uppercase; letter-spacing: 2px; margin-bottom: 8px;\">2021 \u2013 2022<\/div>\n<div style=\"align-items: center; margin-bottom: 4px;\">\n\n<img decoding=\"async\" style=\"height: 40px; opacity: 0.8; margin-right: 16px; vertical-align: middle;\" src=\"https:\/\/robert-moreno.es\/wp-content\/uploads\/2026\/02\/Logo-Granada-CF.webp\" alt=\"Granada\">\n<h3 style=\"font-size: 1.1rem; font-weight: bold; color: #fff; margin: 0;\">Granada CF<\/h3>\n<\/div>\n<div style=\"font-size: 0.75rem; color: #666; margin-bottom: 12px;\">LaLiga Santander<\/div>\n<p style=\"font-size: 0.9rem; color: #999; line-height: 1.7;\">Gesti\u00f3 en un entorn d\u2019alta exig\u00e8ncia. Vict\u00f2ries davant rivals de nivell Champions. <\/p>\n\n<\/div>\n<div style=\"position: relative; margin-bottom: 50px;\">\n<div style=\"position: absolute; left: -49px; top: 0; width: 16px; height: 16px; background: #007bff; border-radius: 50%; border: 3px solid #111;\"><\/div>\n<div style=\"font-size: 0.7rem; color: #007bff; text-transform: uppercase; letter-spacing: 2px; margin-bottom: 8px;\">2019 \u2013 2020<\/div>\n<div style=\"align-items: center; margin-bottom: 4px;\">\n\n<img decoding=\"async\" style=\"height: 40px; opacity: 0.8; margin-right: 16px; vertical-align: middle;\" src=\"https:\/\/robert-moreno.es\/wp-content\/uploads\/2026\/02\/Logo-AS-Monaco.webp\" alt=\"M\u00f2naco\">\n<h3 style=\"font-size: 1.1rem; font-weight: bold; color: #fff; margin: 0;\">AS M\u00f2naco<\/h3>\n<\/div>\n<div style=\"font-size: 0.75rem; color: #666; margin-bottom: 12px;\">Ligue 1<\/div>\n<p style=\"font-size: 0.9rem; color: #999; line-height: 1.7;\">Debut internacional. Gesti\u00f3 d\u2019una plantilla jove d\u2019alt valor, potenciant actius com Tchouam\u00e9ni i Fofana. <\/p>\n\n<\/div>\n<div style=\"position: relative; margin-bottom: 50px;\">\n<div style=\"position: absolute; left: -49px; top: 0; width: 16px; height: 16px; background: #007bff; border-radius: 50%; border: 3px solid #111;\"><\/div>\n<div style=\"font-size: 0.7rem; color: #007bff; text-transform: uppercase; letter-spacing: 2px; margin-bottom: 8px;\">2019<\/div>\n<div style=\"align-items: center; margin-bottom: 4px;\">\n\n<img decoding=\"async\" style=\"height: 40px; opacity: 0.8; margin-right: 16px; vertical-align: middle;\" src=\"https:\/\/robert-moreno.es\/wp-content\/uploads\/2026\/02\/Logo-Espana.png\" alt=\"Espanya\">\n<h3 style=\"font-size: 1.1rem; font-weight: bold; color: #fff; margin: 0;\">Selecci\u00f3 Espanyola<\/h3>\n<\/div>\n<div style=\"font-size: 0.75rem; color: #666; margin-bottom: 12px;\">Seleccionador nacional<\/div>\n<p style=\"font-size: 0.9rem; color: #999; line-height: 1.7;\">9 partits: 7 vict\u00f2ries, 2 empats, 0 derrotes. Va classificar Espanya per a l\u2019Eurocopa 2020 invicta. <\/p>\n\n<\/div>\n<\/div>\n<div style=\"min-height: 200px; margin: 30px 0; border-radius: 8px;\"><\/div>\n<h2 style=\"font-size: 1.1rem; font-weight: bold; color: #fff; text-transform: uppercase; letter-spacing: 2px; margin: 40px 0;\">Com a segon entrenador \/ analista<\/h2>\n<div style=\"border-left: 2px solid #2a2a2a; padding-left: 40px; margin-left: 20px;\">\n<div style=\"position: relative; margin-bottom: 50px;\">\n<div style=\"position: absolute; left: -49px; top: 0; width: 16px; height: 16px; background: #555; border-radius: 50%; border: 3px solid #111;\"><\/div>\n<div style=\"font-size: 0.7rem; color: #555; text-transform: uppercase; letter-spacing: 2px; margin-bottom: 8px;\">2018 \u2013 2019<\/div>\n<div style=\"align-items: center; margin-bottom: 4px;\">\n\n<img decoding=\"async\" style=\"height: 40px; opacity: 0.8; margin-right: 16px; vertical-align: middle;\" src=\"https:\/\/robert-moreno.es\/wp-content\/uploads\/2026\/02\/Logo-Espana.png\" alt=\"Espanya\">\n<h3 style=\"font-size: 1.1rem; font-weight: bold; color: #fff; margin: 0;\">Selecci\u00f3 Espanyola<\/h3>\n<\/div>\n<div style=\"font-size: 0.75rem; color: #666; margin-bottom: 12px;\">Segon entrenador | Luis Enrique<\/div>\n<p style=\"font-size: 0.9rem; color: #999; line-height: 1.7;\">Assistent del seleccionador a la UEFA Nations League.<\/p>\n\n<\/div>\n<div style=\"position: relative; margin-bottom: 50px;\">\n<div style=\"position: absolute; left: -49px; top: 0; width: 16px; height: 16px; background: #555; border-radius: 50%; border: 3px solid #111;\"><\/div>\n<div style=\"font-size: 0.7rem; color: #555; text-transform: uppercase; letter-spacing: 2px; margin-bottom: 8px;\">2017 \u2013 2018<\/div>\n<div style=\"align-items: center; margin-bottom: 4px;\">\n\n<img decoding=\"async\" style=\"height: 40px; opacity: 0.8; margin-right: 16px; vertical-align: middle;\" src=\"https:\/\/robert-moreno.es\/wp-content\/uploads\/2026\/02\/Logo-Celta-Vigo.webp\" alt=\"Celta\">\n<h3 style=\"font-size: 1.1rem; font-weight: bold; color: #fff; margin: 0;\">Celta de Vigo<\/h3>\n<\/div>\n<div style=\"font-size: 0.75rem; color: #666; margin-bottom: 12px;\">Segon entrenador | Juan Carlos Unzu\u00e9<\/div>\n<p style=\"font-size: 0.9rem; color: #999; line-height: 1.7;\">Assistent t\u00e8cnic a LaLiga Santander.<\/p>\n\n<\/div>\n<div style=\"position: relative; margin-bottom: 50px;\">\n<div style=\"position: absolute; left: -49px; top: 0; width: 16px; height: 16px; background: #555; border-radius: 50%; border: 3px solid #111;\"><\/div>\n<div style=\"font-size: 0.7rem; color: #555; text-transform: uppercase; letter-spacing: 2px; margin-bottom: 8px;\">2014 \u2013 2017<\/div>\n<div style=\"align-items: center; margin-bottom: 4px;\">\n\n<img decoding=\"async\" style=\"height: 40px; opacity: 0.8; margin-right: 16px; vertical-align: middle;\" src=\"https:\/\/robert-moreno.es\/wp-content\/uploads\/2026\/02\/Logo-FC-Barcelona.webp\" alt=\"Bar\u00e7a\">\n<h3 style=\"font-size: 1.1rem; font-weight: bold; color: #fff; margin: 0;\">FC Barcelona<\/h3>\n<\/div>\n<div style=\"font-size: 0.75rem; color: #666; margin-bottom: 12px;\">Segon entrenador | Luis Enrique<\/div>\n<p style=\"font-size: 0.9rem; color: #999; line-height: 1.7;\">Arquitecte t\u00e0ctic del Triplet (2015). 2 Lligues, 3 Copes, Champions, Supercopa d\u2019Europa i Mundial de Clubs. <\/p>\n\n<\/div>\n<div style=\"position: relative; margin-bottom: 50px;\">\n<div style=\"position: absolute; left: -49px; top: 0; width: 16px; height: 16px; background: #555; border-radius: 50%; border: 3px solid #111;\"><\/div>\n<div style=\"font-size: 0.7rem; color: #555; text-transform: uppercase; letter-spacing: 2px; margin-bottom: 8px;\">2013 \u2013 2014<\/div>\n<div style=\"align-items: center; margin-bottom: 4px;\">\n\n<img decoding=\"async\" style=\"height: 40px; opacity: 0.8; margin-right: 16px; vertical-align: middle;\" src=\"https:\/\/robert-moreno.es\/wp-content\/uploads\/2026\/02\/Logo-Celta-Vigo.webp\" alt=\"Celta\">\n<h3 style=\"font-size: 1.1rem; font-weight: bold; color: #fff; margin: 0;\">Celta de Vigo<\/h3>\n<\/div>\n<div style=\"font-size: 0.75rem; color: #666; margin-bottom: 12px;\">Assistent t\u00e8cnic | Luis Enrique<\/div>\n<p style=\"font-size: 0.9rem; color: #999; line-height: 1.7;\">Primera temporada com a assistent principal a LaLiga.<\/p>\n\n<\/div>\n<div style=\"position: relative; margin-bottom: 50px;\">\n<div style=\"position: absolute; left: -49px; top: 0; width: 16px; height: 16px; background: #555; border-radius: 50%; border: 3px solid #111;\"><\/div>\n<div style=\"font-size: 0.7rem; color: #555; text-transform: uppercase; letter-spacing: 2px; margin-bottom: 8px;\">2011 \u2013 2012<\/div>\n<div style=\"align-items: center; margin-bottom: 4px;\">\n\n<img decoding=\"async\" style=\"height: 35px; margin-bottom: 8px; margin-left: auto; margin-right: auto;\" src=\"https:\/\/robert-moreno.es\/wp-content\/uploads\/2026\/02\/logo-as-roma-gris.webp\" alt=\"AS Roma\">\n<h3 style=\"font-size: 1.1rem; font-weight: bold; color: #fff; margin: 0;\">AS Roma<\/h3>\n<\/div>\n<div style=\"font-size: 0.75rem; color: #666; margin-bottom: 12px;\">Analista t\u00e0ctic | Luis Enrique<\/div>\n<p style=\"font-size: 0.9rem; color: #999; line-height: 1.7;\">Inici a la Serie A italiana com a especialista en an\u00e0lisi de v\u00eddeo.<\/p>\n\n<\/div>\n<div style=\"position: relative; margin-bottom: 50px;\">\n<div style=\"position: absolute; left: -49px; top: 0; width: 16px; height: 16px; background: #555; border-radius: 50%; border: 3px solid #111;\"><\/div>\n<div style=\"font-size: 0.7rem; color: #555; text-transform: uppercase; letter-spacing: 2px; margin-bottom: 8px;\">2010 \u2013 2011<\/div>\n<div style=\"align-items: center; margin-bottom: 4px;\">\n\n<img decoding=\"async\" style=\"height: 40px; opacity: 0.8; margin-right: 16px; vertical-align: middle;\" src=\"https:\/\/robert-moreno.es\/wp-content\/uploads\/2026\/02\/Logo-FC-Barcelona.webp\" alt=\"Bar\u00e7a B\">\n<h3 style=\"font-size: 1.1rem; font-weight: bold; color: #fff; margin: 0;\">FC Barcelona B<\/h3>\n<\/div>\n<div style=\"font-size: 0.75rem; color: #666; margin-bottom: 12px;\">Analista de v\u00eddeo<\/div>\n<p style=\"font-size: 0.9rem; color: #999; line-height: 1.7;\">Primer pas en el futbol professional. An\u00e0lisi t\u00e0ctica per al filial del FC Barcelona. <\/p>\n\n<\/div>\n<\/div>\n<\/div>\n<div style=\"padding: 60px 40px; text-align: center; border-top: 1px solid #2a2a2a; max-width: 1200px; margin: 40px auto 0;\"><a style=\"padding: 14px 40px; background: #007bff; color: #fff; text-decoration: none; text-transform: uppercase; font-size: 0.8rem; letter-spacing: 2px; font-weight: 600; border-radius: 4px;\" href=\"https:\/\/robert-moreno.es\/ca\/contacte\/\">Contactar<\/a><\/div>\n<\/div>\t\t\t\t\t\t\t\t<\/div>\n\t\t\t\t\t<\/div>\n\t\t\t\t<\/div>\n\t\t\t\t<\/div>\n\t\t","protected":false},"excerpt":{"rendered":"<p>Portada \u203a Traject\u00f2ria Traject\u00f2ria M\u00e9s de 20 anys dedicats al futbol professional. D\u2019analista de v\u00eddeo al FC Barcelona B a seleccionador d\u2019Espanya. Palmar\u00e8s Champions League FC Barcelona 2015 2x LaLiga FC Barcelona 2015, 2016 3x Copa del Rei FC Barcelona 2015, 2016, 2017 Supercopa d\u2019Europa FC Barcelona 2015 Mundial de Clubs FC Barcelona 2015 Supercopa [&hellip;]<\/p>\n","protected":false},"author":1,"featured_media":0,"parent":0,"menu_order":0,"comment_status":"closed","ping_status":"closed","template":"elementor_header_footer","meta":{"_angie_page":false,"footnotes":""},"class_list":["post-10169","page","type-page","status-publish","hentry"],"_links":{"self":[{"href":"https:\/\/robert-moreno.es\/ca\/wp-json\/wp\/v2\/pages\/10169","targetHints":{"allow":["GET"]}}],"collection":[{"href":"https:\/\/robert-moreno.es\/ca\/wp-json\/wp\/v2\/pages"}],"about":[{"href":"https:\/\/robert-moreno.es\/ca\/wp-json\/wp\/v2\/types\/page"}],"author":[{"embeddable":true,"href":"https:\/\/robert-moreno.es\/ca\/wp-json\/wp\/v2\/users\/1"}],"replies":[{"embeddable":true,"href":"https:\/\/robert-moreno.es\/ca\/wp-json\/wp\/v2\/comments?post=10169"}],"version-history":[{"count":1,"href":"https:\/\/robert-moreno.es\/ca\/wp-json\/wp\/v2\/pages\/10169\/revisions"}],"predecessor-version":[{"id":10170,"href":"https:\/\/robert-moreno.es\/ca\/wp-json\/wp\/v2\/pages\/10169\/revisions\/10170"}],"wp:attachment":[{"href":"https:\/\/robert-moreno.es\/ca\/wp-json\/wp\/v2\/media?parent=10169"}],"curies":[{"name":"wp","href":"https:\/\/api.w.org\/{rel}","templated":true}]}}